{"id":169,"date":"2018-01-08T17:34:44","date_gmt":"2018-01-08T16:34:44","guid":{"rendered":"http:\/\/solfinc.oriolgrau.com\/?page_id=169"},"modified":"2026-08-17T13:54:13","modified_gmt":"2026-08-17T11:54:13","slug":"blog","status":"publish","type":"page","link":"https:\/\/www.solfinc.com\/es\/blog\/","title":{"rendered":"Actualidad"},"content":{"rendered":"\n<div class=\"et_pb_section_0 et_pb_section et_section_regular et_block_section\"><div class=\"et_pb_row_0 et_pb_row et_block_row\"><div class=\"et_pb_column_0 et_pb_column et_pb_column_4_4 et-last-child et_block_column et_pb_css_mix_blend_mode_passthrough\"><div class=\"et_pb_text_0 et_pb_text et_pb_bg_layout_light et_pb_module et_block_module\"><div class=\"et_pb_text_inner\"><h1><span style=\"color: #a0cf67;\">Actualidad<\/span> Grup Solfinc<\/h1>\n<\/div><\/div><div class=\"et_pb_divider_0 et_pb_divider et_pb_space et_pb_divider_position_center et_pb_module\"><div class=\"et_pb_divider_internal\"><\/div><\/div><\/div><\/div><\/div><div class=\"et_pb_section_1 et_pb_section et_section_regular et_block_section\"><div class=\"et_pb_row_1 et_pb_row et_block_row\"><div class=\"et_pb_column_1 et_pb_column et_pb_column_4_4 et-last-child et_block_column et_pb_css_mix_blend_mode_passthrough\"><div class=\"et_pb_text_1 et_pb_text et_pb_bg_layout_light et_pb_module et_block_module\"><div class=\"et_pb_text_inner\"><h2>Las \u00faltimas noticias y actualidad sobre el sector inmobiliario en l'Eixample<\/h2>\n<\/div><\/div><div class=\"et_pb_blog_0 et_pb_blog et_pb_bg_layout_light et_pb_posts et_pb_module disable_ajax\"><div class=\"et_pb_ajax_pagination_container\"><div class=\"et_pb_blog_posts et_grid_module\"><article class=\"et_pb_post et_pb_post_id_244076 clearfix et_pb_blog_item_0_0 post-244076 post type-post status-publish format-standard has-post-thumbnail hentry category-destacadas category-seguros category-ultimas-entradas\"><div class=\"et_pb_image_container\"><a href=\"https:\/\/www.solfinc.com\/es\/blog\/que-seguros-debe-tener-un-autonomo\/\" class=\"entry-featured-image-url\"><img decoding=\"async\" src=\"https:\/\/www.solfinc.com\/wp-content\/uploads\/2026\/07\/seguros-autonomos.jpg\" width=\"400\" height=\"250\" alt=\"Seguros para aut\u00f3nomos\" class=\"\" srcset=\"https:\/\/www.solfinc.com\/wp-content\/uploads\/2026\/07\/seguros-autonomos.jpg 479w, https:\/\/www.solfinc.com\/wp-content\/uploads\/2026\/07\/seguros-autonomos-400x250.jpg 480w\" sizes=\"(max-width:479px) 479px, 100vw\" \/><span data-icon=\"\ue050\" class=\"et_overlay et_pb_inline_icon\"><\/span><\/a><\/div><h2 class=\"entry-title\"><a href=\"https:\/\/www.solfinc.com\/es\/blog\/que-seguros-debe-tener-un-autonomo\/\">\u00bfQu\u00e9 seguros debe tener un aut\u00f3nomo?<\/a><\/h2><p class=\"post-meta\"><span class=\"published\">Ago 27, 2026<\/span> | <span class=\"entry-categories\"><a href=\"https:\/\/www.solfinc.com\/es\/category\/ultimas-entradas\/destacadas\/\" rel=\"tag\">Destacadas<\/a>, <a href=\"https:\/\/www.solfinc.com\/es\/category\/seguros\/\" rel=\"tag\">Seguros<\/a>, <a href=\"https:\/\/www.solfinc.com\/es\/category\/ultimas-entradas\/\" rel=\"tag\">\u00daltimas entradas<\/a><\/span><\/p><div class=\"post-content\"><div class=\"post-content-inner\"><p>En un entorno laboral en constante cambio, los aut\u00f3nomos deben asegurarse de estar protegidos ante cualquier eventualidad. Los seguros adecuados no solo salvaguardan su negocio, sino que tambi\u00e9n ofrecen tranquilidad personal. En esta gu\u00eda, exploraremos los diferentes...<\/p>\n<\/div><\/div><\/article><article class=\"et_pb_post et_pb_post_id_244046 clearfix et_pb_blog_item_0_1 post-244046 post type-post status-publish format-standard has-post-thumbnail hentry category-comunidades category-destacadas category-ultimas-entradas\"><div class=\"et_pb_image_container\"><a href=\"https:\/\/www.solfinc.com\/es\/blog\/cuantos-organos-componen-comunidad-propietarios\/\" class=\"entry-featured-image-url\"><img decoding=\"async\" src=\"https:\/\/www.solfinc.com\/wp-content\/uploads\/2026\/07\/organos-comunidad-vecinos.jpg\" width=\"400\" height=\"250\" alt=\"\u00d3rganos de una comunidad de vecinos\" class=\"\" srcset=\"https:\/\/www.solfinc.com\/wp-content\/uploads\/2026\/07\/organos-comunidad-vecinos.jpg 479w, https:\/\/www.solfinc.com\/wp-content\/uploads\/2026\/07\/organos-comunidad-vecinos-400x250.jpg 480w\" sizes=\"(max-width:479px) 479px, 100vw\" \/><span data-icon=\"\ue050\" class=\"et_overlay et_pb_inline_icon\"><\/span><\/a><\/div><h2 class=\"entry-title\"><a href=\"https:\/\/www.solfinc.com\/es\/blog\/cuantos-organos-componen-comunidad-propietarios\/\">\u00bfCu\u00e1ntos \u00f3rganos componen una comunidad de propietarios?<\/a><\/h2><p class=\"post-meta\"><span class=\"published\">Ago 24, 2026<\/span> | <span class=\"entry-categories\"><a href=\"https:\/\/www.solfinc.com\/es\/category\/comunidades\/\" rel=\"tag\">Comunidades<\/a>, <a href=\"https:\/\/www.solfinc.com\/es\/category\/ultimas-entradas\/destacadas\/\" rel=\"tag\">Destacadas<\/a>, <a href=\"https:\/\/www.solfinc.com\/es\/category\/ultimas-entradas\/\" rel=\"tag\">\u00daltimas entradas<\/a><\/span><\/p><div class=\"post-content\"><div class=\"post-content-inner\"><p>La correcta organizaci\u00f3n de los \u00f3rganos de una comunidad de propietarios es esencial para el funcionamiento eficaz y armonioso del inmueble. Este art\u00edculo presenta una visi\u00f3n detallada sobre la estructura legal que rige a dichos cargos y sus funciones espec\u00edficas....<\/p>\n<\/div><\/div><\/article><article class=\"et_pb_post et_pb_post_id_244009 clearfix et_pb_blog_item_0_2 post-244009 post type-post status-publish format-standard has-post-thumbnail hentry category-comunidades category-destacadas category-ultimas-entradas\"><div class=\"et_pb_image_container\"><a href=\"https:\/\/www.solfinc.com\/es\/blog\/libro-actas-que-es-y-para-que-sirve\/\" class=\"entry-featured-image-url\"><img decoding=\"async\" src=\"https:\/\/www.solfinc.com\/wp-content\/uploads\/2026\/07\/libro-actas.jpg\" width=\"400\" height=\"250\" alt=\"Libro de actas\" class=\"\" srcset=\"https:\/\/www.solfinc.com\/wp-content\/uploads\/2026\/07\/libro-actas.jpg 479w, https:\/\/www.solfinc.com\/wp-content\/uploads\/2026\/07\/libro-actas-400x250.jpg 480w\" sizes=\"(max-width:479px) 479px, 100vw\" \/><span data-icon=\"\ue050\" class=\"et_overlay et_pb_inline_icon\"><\/span><\/a><\/div><h2 class=\"entry-title\"><a href=\"https:\/\/www.solfinc.com\/es\/blog\/libro-actas-que-es-y-para-que-sirve\/\">Libro de actas &#8211; Qu\u00e9 es y para qu\u00e9 sirve en una comunidad<\/a><\/h2><p class=\"post-meta\"><span class=\"published\">Ago 20, 2026<\/span> | <span class=\"entry-categories\"><a href=\"https:\/\/www.solfinc.com\/es\/category\/comunidades\/\" rel=\"tag\">Comunidades<\/a>, <a href=\"https:\/\/www.solfinc.com\/es\/category\/ultimas-entradas\/destacadas\/\" rel=\"tag\">Destacadas<\/a>, <a href=\"https:\/\/www.solfinc.com\/es\/category\/ultimas-entradas\/\" rel=\"tag\">\u00daltimas entradas<\/a><\/span><\/p><div class=\"post-content\"><div class=\"post-content-inner\"><p>El libro de actas en una comunidad de propietarios es un documento esencial que recoge las decisiones y acuerdos adoptados por los vecinos. Su correcta gesti\u00f3n y conservaci\u00f3n son fundamentales para garantizar la transparencia y el buen funcionamiento de la comunidad....<\/p>\n<\/div><\/div><\/article><article class=\"et_pb_post et_pb_post_id_243965 clearfix et_pb_blog_item_0_3 post-243965 post type-post status-publish format-standard has-post-thumbnail hentry category-alquiler category-destacadas category-ultimas-entradas\"><div class=\"et_pb_image_container\"><a href=\"https:\/\/www.solfinc.com\/es\/blog\/es-obligatorio-poner-aire-acondicionado-piso-alquiler\/\" class=\"entry-featured-image-url\"><img decoding=\"async\" src=\"https:\/\/www.solfinc.com\/wp-content\/uploads\/2026\/07\/aire-acondicinado.jpg\" width=\"400\" height=\"250\" alt=\"Aire acondicionado\" class=\"\" srcset=\"https:\/\/www.solfinc.com\/wp-content\/uploads\/2026\/07\/aire-acondicinado.jpg 479w, https:\/\/www.solfinc.com\/wp-content\/uploads\/2026\/07\/aire-acondicinado-400x250.jpg 480w\" sizes=\"(max-width:479px) 479px, 100vw\" \/><span data-icon=\"\ue050\" class=\"et_overlay et_pb_inline_icon\"><\/span><\/a><\/div><h2 class=\"entry-title\"><a href=\"https:\/\/www.solfinc.com\/es\/blog\/es-obligatorio-poner-aire-acondicionado-piso-alquiler\/\">\u00bfEs obligatorio poner aire acondicionado en un piso de alquiler?<\/a><\/h2><p class=\"post-meta\"><span class=\"published\">Ago 17, 2026<\/span> | <span class=\"entry-categories\"><a href=\"https:\/\/www.solfinc.com\/es\/category\/alquiler\/\" rel=\"tag\">Alquiler<\/a>, <a href=\"https:\/\/www.solfinc.com\/es\/category\/ultimas-entradas\/destacadas\/\" rel=\"tag\">Destacadas<\/a>, <a href=\"https:\/\/www.solfinc.com\/es\/category\/ultimas-entradas\/\" rel=\"tag\">\u00daltimas entradas<\/a><\/span><\/p><div class=\"post-content\"><div class=\"post-content-inner\"><p>La respuesta r\u00e1pida es clara: no, el propietario no est\u00e1 obligado por norma general a poner aire acondicionado en un piso de alquiler. La ley obliga al arrendador a conservar la vivienda en condiciones de habitabilidad, pero el aire acondicionado se considera, en la...<\/p>\n<\/div><\/div><\/article><article class=\"et_pb_post et_pb_post_id_243922 clearfix et_pb_blog_item_0_4 post-243922 post type-post status-publish format-standard has-post-thumbnail hentry category-alquiler category-destacadas category-inmobiliaria category-ultimas-entradas\"><div class=\"et_pb_image_container\"><a href=\"https:\/\/www.solfinc.com\/es\/blog\/alquiler-opcion-a-compra-que-es-y-como-funciona\/\" class=\"entry-featured-image-url\"><img decoding=\"async\" src=\"https:\/\/www.solfinc.com\/wp-content\/uploads\/2026\/07\/alquiler-opcion-a-compra.jpg\" width=\"400\" height=\"250\" alt=\"Alquiler con opci\u00f3n a compra\" class=\"\" srcset=\"https:\/\/www.solfinc.com\/wp-content\/uploads\/2026\/07\/alquiler-opcion-a-compra.jpg 479w, https:\/\/www.solfinc.com\/wp-content\/uploads\/2026\/07\/alquiler-opcion-a-compra-400x250.jpg 480w\" sizes=\"(max-width:479px) 479px, 100vw\" \/><span data-icon=\"\ue050\" class=\"et_overlay et_pb_inline_icon\"><\/span><\/a><\/div><h2 class=\"entry-title\"><a href=\"https:\/\/www.solfinc.com\/es\/blog\/alquiler-opcion-a-compra-que-es-y-como-funciona\/\">Alquiler con opci\u00f3n a compra &#8211; Qu\u00e9 es y c\u00f3mo funciona<\/a><\/h2><p class=\"post-meta\"><span class=\"published\">Ago 11, 2026<\/span> | <span class=\"entry-categories\"><a href=\"https:\/\/www.solfinc.com\/es\/category\/alquiler\/\" rel=\"tag\">Alquiler<\/a>, <a href=\"https:\/\/www.solfinc.com\/es\/category\/ultimas-entradas\/destacadas\/\" rel=\"tag\">Destacadas<\/a>, <a href=\"https:\/\/www.solfinc.com\/es\/category\/inmobiliaria\/\" rel=\"tag\">Inmobiliaria<\/a>, <a href=\"https:\/\/www.solfinc.com\/es\/category\/ultimas-entradas\/\" rel=\"tag\">\u00daltimas entradas<\/a><\/span><\/p><div class=\"post-content\"><div class=\"post-content-inner\"><p>El alquiler con opci\u00f3n a compra es una f\u00f3rmula que permite vivir de alquiler en una vivienda y, pasado un plazo pactado, comprarla si finalmente interesa. Dicho as\u00ed parece sencillo, pero conviene no confundirse: no es un arrendamiento normal con una promesa de venta....<\/p>\n<\/div><\/div><\/article><article class=\"et_pb_post et_pb_post_id_243870 clearfix et_pb_blog_item_0_5 post-243870 post type-post status-publish format-standard has-post-thumbnail hentry category-destacadas category-inmobiliaria category-ultimas-entradas\"><div class=\"et_pb_image_container\"><a href=\"https:\/\/www.solfinc.com\/es\/blog\/calcular-precio-piso-de-segunda-mano-barcelona\/\" class=\"entry-featured-image-url\"><img decoding=\"async\" src=\"https:\/\/www.solfinc.com\/wp-content\/uploads\/2026\/07\/piso-segunda-mano.jpg\" width=\"400\" height=\"250\" alt=\"Piso de segunda mano\" class=\"\" srcset=\"https:\/\/www.solfinc.com\/wp-content\/uploads\/2026\/07\/piso-segunda-mano.jpg 479w, https:\/\/www.solfinc.com\/wp-content\/uploads\/2026\/07\/piso-segunda-mano-400x250.jpg 480w\" sizes=\"(max-width:479px) 479px, 100vw\" \/><span data-icon=\"\ue050\" class=\"et_overlay et_pb_inline_icon\"><\/span><\/a><\/div><h2 class=\"entry-title\"><a href=\"https:\/\/www.solfinc.com\/es\/blog\/calcular-precio-piso-de-segunda-mano-barcelona\/\">\u00bfC\u00f3mo calcular el precio de un piso de segunda mano en Barcelona?<\/a><\/h2><p class=\"post-meta\"><span class=\"published\">Ago 4, 2026<\/span> | <span class=\"entry-categories\"><a href=\"https:\/\/www.solfinc.com\/es\/category\/ultimas-entradas\/destacadas\/\" rel=\"tag\">Destacadas<\/a>, <a href=\"https:\/\/www.solfinc.com\/es\/category\/inmobiliaria\/\" rel=\"tag\">Inmobiliaria<\/a>, <a href=\"https:\/\/www.solfinc.com\/es\/category\/ultimas-entradas\/\" rel=\"tag\">\u00daltimas entradas<\/a><\/span><\/p><div class=\"post-content\"><div class=\"post-content-inner\"><p>Calcular el precio de un piso de segunda mano en Barcelona no va de mirar tres anuncios, hacer una media r\u00e1pida y poner una cifra bonita. Ojal\u00e1 fuera tan sencillo. El precio real de una vivienda depende de los metros, s\u00ed. Pero tambi\u00e9n de la calle, la finca, la altura,...<\/p>\n<\/div><\/div><\/article><article class=\"et_pb_post et_pb_post_id_242635 clearfix et_pb_blog_item_0_6 post-242635 post type-post status-publish format-standard has-post-thumbnail hentry category-comunidades category-destacadas category-patrimonio category-ultimas-entradas\"><div class=\"et_pb_image_container\"><a href=\"https:\/\/www.solfinc.com\/es\/blog\/derechos-adquisicion-preferente-cataluna-y-barcelona\/\" class=\"entry-featured-image-url\"><img decoding=\"async\" src=\"https:\/\/www.solfinc.com\/wp-content\/uploads\/2026\/06\/adquisicion-preferente.jpg\" width=\"400\" height=\"250\" alt=\"Adquisici\u00f3n preferente\" class=\"\" srcset=\"https:\/\/www.solfinc.com\/wp-content\/uploads\/2026\/06\/adquisicion-preferente.jpg 479w, https:\/\/www.solfinc.com\/wp-content\/uploads\/2026\/06\/adquisicion-preferente-400x250.jpg 480w\" sizes=\"(max-width:479px) 479px, 100vw\" \/><span data-icon=\"\ue050\" class=\"et_overlay et_pb_inline_icon\"><\/span><\/a><\/div><h2 class=\"entry-title\"><a href=\"https:\/\/www.solfinc.com\/es\/blog\/derechos-adquisicion-preferente-cataluna-y-barcelona\/\">Derechos de adquisici\u00f3n preferente en Catalu\u00f1a y Barcelona: cu\u00e1ndo puede intervenir la Administraci\u00f3n<\/a><\/h2><p class=\"post-meta\"><span class=\"published\">Jul 22, 2026<\/span> | <span class=\"entry-categories\"><a href=\"https:\/\/www.solfinc.com\/es\/category\/comunidades\/\" rel=\"tag\">Comunidades<\/a>, <a href=\"https:\/\/www.solfinc.com\/es\/category\/ultimas-entradas\/destacadas\/\" rel=\"tag\">Destacadas<\/a>, <a href=\"https:\/\/www.solfinc.com\/es\/category\/patrimonio\/\" rel=\"tag\">Patrimonio<\/a>, <a href=\"https:\/\/www.solfinc.com\/es\/category\/ultimas-entradas\/\" rel=\"tag\">\u00daltimas entradas<\/a><\/span><\/p><div class=\"post-content\"><div class=\"post-content-inner\"><p>Los derechos de adquisici\u00f3n preferente en Catalu\u00f1a y Barcelona pueden afectar a determinadas ventas de viviendas, edificios o inmuebles destinados a uso residencial. En algunos casos, la Generalitat de Catalunya o el Ajuntament de Barcelona pueden intervenir antes de...<\/p>\n<\/div><\/div><\/article><article class=\"et_pb_post et_pb_post_id_244418 clearfix et_pb_blog_item_0_7 post-244418 post type-post status-publish format-standard has-post-thumbnail hentry category-alquiler category-destacadas category-inmobiliaria category-ultimas-entradas\"><div class=\"et_pb_image_container\"><a href=\"https:\/\/www.solfinc.com\/es\/blog\/ley-11-2026-cataluna\/\" class=\"entry-featured-image-url\"><img decoding=\"async\" src=\"https:\/\/www.solfinc.com\/wp-content\/uploads\/2026\/07\/cambios-vivienda.jpg\" width=\"400\" height=\"250\" alt=\"Cambios en vivienda\" class=\"\" srcset=\"https:\/\/www.solfinc.com\/wp-content\/uploads\/2026\/07\/cambios-vivienda.jpg 479w, https:\/\/www.solfinc.com\/wp-content\/uploads\/2026\/07\/cambios-vivienda-400x250.jpg 480w\" sizes=\"(max-width:479px) 479px, 100vw\" \/><span data-icon=\"\ue050\" class=\"et_overlay et_pb_inline_icon\"><\/span><\/a><\/div><h2 class=\"entry-title\"><a href=\"https:\/\/www.solfinc.com\/es\/blog\/ley-11-2026-cataluna\/\">Ley 11\/2026 en Catalu\u00f1a: cambios en vivienda, grandes tenedores y alquiler por habitaciones<\/a><\/h2><p class=\"post-meta\"><span class=\"published\">Jul 17, 2026<\/span> | <span class=\"entry-categories\"><a href=\"https:\/\/www.solfinc.com\/es\/category\/alquiler\/\" rel=\"tag\">Alquiler<\/a>, <a href=\"https:\/\/www.solfinc.com\/es\/category\/ultimas-entradas\/destacadas\/\" rel=\"tag\">Destacadas<\/a>, <a href=\"https:\/\/www.solfinc.com\/es\/category\/inmobiliaria\/\" rel=\"tag\">Inmobiliaria<\/a>, <a href=\"https:\/\/www.solfinc.com\/es\/category\/ultimas-entradas\/\" rel=\"tag\">\u00daltimas entradas<\/a><\/span><\/p><div class=\"post-content\"><div class=\"post-content-inner\"><p>La Ley 11\/2026, de 9 de julio, introduce cambios relevantes en la regulaci\u00f3n de la vivienda en Catalu\u00f1a. La norma entr\u00f3 en vigor el pasado martes 14 de julio de 2026 y afecta a cuestiones tan importantes como la definici\u00f3n de gran tenedor, el alquiler por...<\/p>\n<\/div><\/div><\/article><article class=\"et_pb_post et_pb_post_id_242603 clearfix et_pb_blog_item_0_8 post-242603 post type-post status-publish format-standard has-post-thumbnail hentry category-destacadas category-patrimonio category-ultimas-entradas\"><div class=\"et_pb_image_container\"><a href=\"https:\/\/www.solfinc.com\/es\/blog\/plusvalia-municipal-barcelona-como-se-calcula\/\" class=\"entry-featured-image-url\"><img decoding=\"async\" src=\"https:\/\/www.solfinc.com\/wp-content\/uploads\/2026\/06\/plusvalia-municipal-barcelona.jpg\" width=\"400\" height=\"250\" alt=\"Plusval\u00eda municipal en Barcelona\" class=\"\" srcset=\"https:\/\/www.solfinc.com\/wp-content\/uploads\/2026\/06\/plusvalia-municipal-barcelona.jpg 479w, https:\/\/www.solfinc.com\/wp-content\/uploads\/2026\/06\/plusvalia-municipal-barcelona-400x250.jpg 480w\" sizes=\"(max-width:479px) 479px, 100vw\" \/><span data-icon=\"\ue050\" class=\"et_overlay et_pb_inline_icon\"><\/span><\/a><\/div><h2 class=\"entry-title\"><a href=\"https:\/\/www.solfinc.com\/es\/blog\/plusvalia-municipal-barcelona-como-se-calcula\/\">Plusval\u00eda municipal en Barcelona: \u00bfC\u00f3mo se calcula y cu\u00e1nto se paga?<\/a><\/h2><p class=\"post-meta\"><span class=\"published\">Jul 8, 2026<\/span> | <span class=\"entry-categories\"><a href=\"https:\/\/www.solfinc.com\/es\/category\/ultimas-entradas\/destacadas\/\" rel=\"tag\">Destacadas<\/a>, <a href=\"https:\/\/www.solfinc.com\/es\/category\/patrimonio\/\" rel=\"tag\">Patrimonio<\/a>, <a href=\"https:\/\/www.solfinc.com\/es\/category\/ultimas-entradas\/\" rel=\"tag\">\u00daltimas entradas<\/a><\/span><\/p><div class=\"post-content\"><div class=\"post-content-inner\"><p>La Plusval\u00eda Municipal en Barcelona es un impuesto que se aplica sobre el incremento del valor de los terrenos urbanos desde su adquisici\u00f3n hasta su transmisi\u00f3n. Este tributo es importante en transacciones de compra, herencias o donaciones de bienes inmuebles. El...<\/p>\n<\/div><\/div><\/article><article class=\"et_pb_post et_pb_post_id_241436 clearfix et_pb_blog_item_0_9 post-241436 post type-post status-publish format-standard has-post-thumbnail hentry category-destacadas category-seguros category-ultimas-entradas\"><div class=\"et_pb_image_container\"><a href=\"https:\/\/www.solfinc.com\/es\/blog\/que-es-seguro-danos-patrimoniales\/\" class=\"entry-featured-image-url\"><img decoding=\"async\" src=\"https:\/\/www.solfinc.com\/wp-content\/uploads\/2026\/05\/danos-patrimoniales.jpg\" width=\"400\" height=\"250\" alt=\"Da\u00f1os patrimoniales\" class=\"\" srcset=\"https:\/\/www.solfinc.com\/wp-content\/uploads\/2026\/05\/danos-patrimoniales.jpg 479w, https:\/\/www.solfinc.com\/wp-content\/uploads\/2026\/05\/danos-patrimoniales-400x250.jpg 480w\" sizes=\"(max-width:479px) 479px, 100vw\" \/><span data-icon=\"\ue050\" class=\"et_overlay et_pb_inline_icon\"><\/span><\/a><\/div><h2 class=\"entry-title\"><a href=\"https:\/\/www.solfinc.com\/es\/blog\/que-es-seguro-danos-patrimoniales\/\">\u00bfQu\u00e9 es un seguro de da\u00f1os patrimoniales?<\/a><\/h2><p class=\"post-meta\"><span class=\"published\">Jun 17, 2026<\/span> | <span class=\"entry-categories\"><a href=\"https:\/\/www.solfinc.com\/es\/category\/ultimas-entradas\/destacadas\/\" rel=\"tag\">Destacadas<\/a>, <a href=\"https:\/\/www.solfinc.com\/es\/category\/seguros\/\" rel=\"tag\">Seguros<\/a>, <a href=\"https:\/\/www.solfinc.com\/es\/category\/ultimas-entradas\/\" rel=\"tag\">\u00daltimas entradas<\/a><\/span><\/p><div class=\"post-content\"><div class=\"post-content-inner\"><p>Cuando se habla de proteger una vivienda, una comunidad o incluso una inversi\u00f3n inmobiliaria, no todo el mundo tiene claro qu\u00e9 cubre exactamente cada tipo de seguro. El seguro de da\u00f1os patrimoniales suele generar dudas, pero entenderlo bien puede marcar la diferencia...<\/p>\n<\/div><\/div><\/article><article class=\"et_pb_post et_pb_post_id_156672 clearfix et_pb_blog_item_0_10 post-156672 post type-post status-publish format-standard has-post-thumbnail hentry category-inmobiliaria category-ultimas-entradas\"><div class=\"et_pb_image_container\"><a href=\"https:\/\/www.solfinc.com\/es\/blog\/rentabilidad-comprar-piso-para-alquilar\/\" class=\"entry-featured-image-url\"><img decoding=\"async\" src=\"https:\/\/www.solfinc.com\/wp-content\/uploads\/2023\/02\/rentabilidad-comprar-piso.jpg\" width=\"400\" height=\"250\" alt=\"Rentabilidad de comprar piso\" class=\"\" srcset=\"https:\/\/www.solfinc.com\/wp-content\/uploads\/2023\/02\/rentabilidad-comprar-piso.jpg 479w, https:\/\/www.solfinc.com\/wp-content\/uploads\/2023\/02\/rentabilidad-comprar-piso-400x250.jpg 480w\" sizes=\"(max-width:479px) 479px, 100vw\" \/><span data-icon=\"\ue050\" class=\"et_overlay et_pb_inline_icon\"><\/span><\/a><\/div><h2 class=\"entry-title\"><a href=\"https:\/\/www.solfinc.com\/es\/blog\/rentabilidad-comprar-piso-para-alquilar\/\">En qu\u00e9 parte de Espa\u00f1a es m\u00e1s rentable comprar un piso para alquilar<\/a><\/h2><p class=\"post-meta\"><span class=\"published\">Jun 16, 2026<\/span> | <span class=\"entry-categories\"><a href=\"https:\/\/www.solfinc.com\/es\/category\/inmobiliaria\/\" rel=\"tag\">Inmobiliaria<\/a>, <a href=\"https:\/\/www.solfinc.com\/es\/category\/ultimas-entradas\/\" rel=\"tag\">\u00daltimas entradas<\/a><\/span><\/p><div class=\"post-content\"><div class=\"post-content-inner\"><p>Si se mira solo la cifra de rentabilidad, la respuesta r\u00e1pida ser\u00eda esta: en 2025, Castilla-La Mancha, Catalu\u00f1a, Castilla y Le\u00f3n, Arag\u00f3n y Extremadura aparecen entre las comunidades m\u00e1s rentables para comprar un piso para alquilar en Espa\u00f1a. Seg\u00fan Fotocasa, la...<\/p>\n<\/div><\/div><\/article><article class=\"et_pb_post et_pb_post_id_157439 clearfix et_pb_blog_item_0_11 post-157439 post type-post status-publish format-standard has-post-thumbnail hentry category-comunidades category-ultimas-entradas\"><div class=\"et_pb_image_container\"><a href=\"https:\/\/www.solfinc.com\/es\/blog\/tipos-de-fachadas-rehabilitacion-edificios\/\" class=\"entry-featured-image-url\"><img decoding=\"async\" src=\"https:\/\/www.solfinc.com\/wp-content\/uploads\/2023\/02\/tipos-fachadas.jpg\" width=\"400\" height=\"250\" alt=\"Tipos de fachadas\" class=\"\" srcset=\"https:\/\/www.solfinc.com\/wp-content\/uploads\/2023\/02\/tipos-fachadas.jpg 479w, https:\/\/www.solfinc.com\/wp-content\/uploads\/2023\/02\/tipos-fachadas-400x250.jpg 480w\" sizes=\"(max-width:479px) 479px, 100vw\" \/><span data-icon=\"\ue050\" class=\"et_overlay et_pb_inline_icon\"><\/span><\/a><\/div><h2 class=\"entry-title\"><a href=\"https:\/\/www.solfinc.com\/es\/blog\/tipos-de-fachadas-rehabilitacion-edificios\/\">\u00bfQu\u00e9 tipos de rehabilitaci\u00f3n de fachadas existen?<\/a><\/h2><p class=\"post-meta\"><span class=\"published\">Jun 16, 2026<\/span> | <span class=\"entry-categories\"><a href=\"https:\/\/www.solfinc.com\/es\/category\/comunidades\/\" rel=\"tag\">Comunidades<\/a>, <a href=\"https:\/\/www.solfinc.com\/es\/category\/ultimas-entradas\/\" rel=\"tag\">\u00daltimas entradas<\/a><\/span><\/p><div class=\"post-content\"><div class=\"post-content-inner\"><p>La fachada es una de las partes m\u00e1s visibles de cualquier edificio, pero tambi\u00e9n una de las que m\u00e1s sufre con el paso del tiempo. Humedades, grietas, desprendimientos, falta de aislamiento o simplemente el desgaste propio de los a\u00f1os pueden hacer que una comunidad se...<\/p>\n<\/div><\/div><\/article><article class=\"et_pb_post et_pb_post_id_147312 clearfix et_pb_blog_item_0_12 post-147312 post type-post status-publish format-standard has-post-thumbnail hentry category-patrimonio category-ultimas-entradas\"><div class=\"et_pb_image_container\"><a href=\"https:\/\/www.solfinc.com\/es\/blog\/que-proteger-con-seguro-hogar\/\" class=\"entry-featured-image-url\"><img decoding=\"async\" src=\"https:\/\/www.solfinc.com\/wp-content\/uploads\/2022\/11\/proteger-pertenencias.jpg\" width=\"400\" height=\"250\" alt=\"Proteger pertenencias\" class=\"\" srcset=\"https:\/\/www.solfinc.com\/wp-content\/uploads\/2022\/11\/proteger-pertenencias.jpg 479w, https:\/\/www.solfinc.com\/wp-content\/uploads\/2022\/11\/proteger-pertenencias-400x250.jpg 480w\" sizes=\"(max-width:479px) 479px, 100vw\" \/><span data-icon=\"\ue050\" class=\"et_overlay et_pb_inline_icon\"><\/span><\/a><\/div><h2 class=\"entry-title\"><a href=\"https:\/\/www.solfinc.com\/es\/blog\/que-proteger-con-seguro-hogar\/\">\u00bfC\u00f3mo asegurar los objetos de valor de casa?<\/a><\/h2><p class=\"post-meta\"><span class=\"published\">Jun 12, 2026<\/span> | <span class=\"entry-categories\"><a href=\"https:\/\/www.solfinc.com\/es\/category\/patrimonio\/\" rel=\"tag\">Patrimonio<\/a>, <a href=\"https:\/\/www.solfinc.com\/es\/category\/ultimas-entradas\/\" rel=\"tag\">\u00daltimas entradas<\/a><\/span><\/p><div class=\"post-content\"><div class=\"post-content-inner\"><p>En casa guardamos objetos que no solo tienen un valor econ\u00f3mico, tambi\u00e9n pueden tener un valor sentimental enorme: joyas, relojes, obras de arte, dispositivos electr\u00f3nicos, colecciones, documentos importantes\u2026 Y claro, cuando surge la duda de si est\u00e1n realmente...<\/p>\n<\/div><\/div><\/article><article class=\"et_pb_post et_pb_post_id_241412 clearfix et_pb_blog_item_0_13 post-241412 post type-post status-publish format-standard has-post-thumbnail hentry category-alquiler category-destacadas category-ultimas-entradas\"><div class=\"et_pb_image_container\"><a href=\"https:\/\/www.solfinc.com\/es\/blog\/que-es-igc-y-como-se-calcula\/\" class=\"entry-featured-image-url\"><img decoding=\"async\" src=\"https:\/\/www.solfinc.com\/wp-content\/uploads\/2026\/05\/igc.jpg\" width=\"400\" height=\"250\" alt=\"IGC\" class=\"\" srcset=\"https:\/\/www.solfinc.com\/wp-content\/uploads\/2026\/05\/igc.jpg 479w, https:\/\/www.solfinc.com\/wp-content\/uploads\/2026\/05\/igc-400x250.jpg 480w\" sizes=\"(max-width:479px) 479px, 100vw\" \/><span data-icon=\"\ue050\" class=\"et_overlay et_pb_inline_icon\"><\/span><\/a><\/div><h2 class=\"entry-title\"><a href=\"https:\/\/www.solfinc.com\/es\/blog\/que-es-igc-y-como-se-calcula\/\">Qu\u00e9 es el IGC y c\u00f3mo se calcula<\/a><\/h2><p class=\"post-meta\"><span class=\"published\">Jun 10, 2026<\/span> | <span class=\"entry-categories\"><a href=\"https:\/\/www.solfinc.com\/es\/category\/alquiler\/\" rel=\"tag\">Alquiler<\/a>, <a href=\"https:\/\/www.solfinc.com\/es\/category\/ultimas-entradas\/destacadas\/\" rel=\"tag\">Destacadas<\/a>, <a href=\"https:\/\/www.solfinc.com\/es\/category\/ultimas-entradas\/\" rel=\"tag\">\u00daltimas entradas<\/a><\/span><\/p><div class=\"post-content\"><div class=\"post-content-inner\"><p>Si has empezado a informarte sobre el mercado inmobiliario, es muy probable que te hayas encontrado con el t\u00e9rmino IGC y te hayas quedado con cara de \u201c\u00bfesto qu\u00e9 es exactamente?\u201d. No eres el \u00fanico. Es un indicador cada vez m\u00e1s presente en el sector, especialmente...<\/p>\n<\/div><\/div><\/article><article class=\"et_pb_post et_pb_post_id_237024 clearfix et_pb_blog_item_0_14 post-237024 post type-post status-publish format-standard has-post-thumbnail hentry category-destacadas category-inmobiliaria category-patrimonio category-ultimas-entradas\"><div class=\"et_pb_image_container\"><a href=\"https:\/\/www.solfinc.com\/es\/blog\/donacion-vivienda-que-es\/\" class=\"entry-featured-image-url\"><img decoding=\"async\" src=\"https:\/\/www.solfinc.com\/wp-content\/uploads\/2026\/04\/donacion-vivienda.jpg\" width=\"400\" height=\"250\" alt=\"Donaci\u00f3n de vivienda\" class=\"\" srcset=\"https:\/\/www.solfinc.com\/wp-content\/uploads\/2026\/04\/donacion-vivienda.jpg 479w, https:\/\/www.solfinc.com\/wp-content\/uploads\/2026\/04\/donacion-vivienda-400x250.jpg 480w\" sizes=\"(max-width:479px) 479px, 100vw\" \/><span data-icon=\"\ue050\" class=\"et_overlay et_pb_inline_icon\"><\/span><\/a><\/div><h2 class=\"entry-title\"><a href=\"https:\/\/www.solfinc.com\/es\/blog\/donacion-vivienda-que-es\/\">Donaci\u00f3n de vivienda: Qu\u00e9 es, impuestos y requisitos<\/a><\/h2><p class=\"post-meta\"><span class=\"published\">May 21, 2026<\/span> | <span class=\"entry-categories\"><a href=\"https:\/\/www.solfinc.com\/es\/category\/ultimas-entradas\/destacadas\/\" rel=\"tag\">Destacadas<\/a>, <a href=\"https:\/\/www.solfinc.com\/es\/category\/inmobiliaria\/\" rel=\"tag\">Inmobiliaria<\/a>, <a href=\"https:\/\/www.solfinc.com\/es\/category\/patrimonio\/\" rel=\"tag\">Patrimonio<\/a>, <a href=\"https:\/\/www.solfinc.com\/es\/category\/ultimas-entradas\/\" rel=\"tag\">\u00daltimas entradas<\/a><\/span><\/p><div class=\"post-content\"><div class=\"post-content-inner\"><p>La donaci\u00f3n de vivienda es un proceso mediante el cual una persona transfiere gratuitamente la propiedad de un inmueble a otra. Este acto permite que el donatario disfrute del bien antes del fallecimiento del donante, facilitando as\u00ed la planificaci\u00f3n patrimonial....<\/p>\n<\/div><\/div><\/article><\/div><div class=\"pagination clearfix\">\n\t<div class=\"alignleft\"><a href=\"https:\/\/www.solfinc.com\/es\/wp-json\/wp\/v2\/pages\/169\/page\/2\/?et_blog\" >&laquo; Entradas Anteriores<\/a><\/div>\n\t<div class=\"alignright\"><\/div>\n<\/div><\/div><\/div><\/div><\/div><\/div>\n","protected":false},"excerpt":{"rendered":"","protected":false},"author":8,"featured_media":177,"parent":0,"menu_order":0,"comment_status":"closed","ping_status":"closed","template":"","meta":{"inline_featured_image":false,"footnotes":""},"class_list":["post-169","page","type-page","status-publish","has-post-thumbnail","hentry"],"yoast_head":"<!-- This site is optimized with the Yoast SEO Premium plugin v28.1 (Yoast SEO v28.3) - https:\/\/yoast.com\/product\/yoast-seo-premium-wordpress\/ -->\n<title>Actualidad | Grup Solfinc<\/title>\n<meta name=\"description\" content=\"Ponte al d\u00eda de alquileres, comunidades, inmobiliaria, patrimonio y noticias con el blog de Grup Solfinc.\" \/>\n<meta name=\"robots\" content=\"index, follow, max-snippet:-1, max-image-preview:large, max-video-preview:-1\" \/>\n<link rel=\"canonical\" href=\"https:\/\/www.solfinc.com\/es\/blog\/\" \/>\n<meta property=\"og:locale\" content=\"es_ES\" \/>\n<meta property=\"og:type\" content=\"article\" \/>\n<meta property=\"og:title\" content=\"Actualidad\" \/>\n<meta property=\"og:url\" content=\"https:\/\/www.solfinc.com\/es\/blog\/\" \/>\n<meta property=\"og:site_name\" content=\"Grup Solfinc\" \/>\n<meta property=\"article:publisher\" content=\"https:\/\/www.facebook.com\/GrupSolfinc\" \/>\n<meta property=\"article:modified_time\" content=\"2026-08-17T11:54:13+00:00\" \/>\n<meta property=\"og:image\" content=\"https:\/\/www.solfinc.com\/wp-content\/uploads\/2018\/01\/banner-actualidad-solfinc.png\" \/>\n\t<meta property=\"og:image:width\" content=\"1920\" \/>\n\t<meta property=\"og:image:height\" content=\"600\" \/>\n\t<meta property=\"og:image:type\" content=\"image\/png\" \/>\n<meta name=\"twitter:card\" content=\"summary_large_image\" \/>\n<meta name=\"twitter:site\" content=\"@grupsolfinc\" \/>\n<meta name=\"twitter:label1\" content=\"Tiempo de lectura\" \/>\n\t<meta name=\"twitter:data1\" content=\"1 minuto\" \/>\n<script type=\"application\/ld+json\" class=\"yoast-schema-graph\">{\"@context\":\"https:\\\/\\\/schema.org\",\"@graph\":[{\"@type\":\"WebPage\",\"@id\":\"https:\\\/\\\/www.solfinc.com\\\/es\\\/blog\\\/\",\"url\":\"https:\\\/\\\/www.solfinc.com\\\/es\\\/blog\\\/\",\"name\":\"Actualidad | Grup Solfinc\",\"isPartOf\":{\"@id\":\"https:\\\/\\\/www.solfinc.com\\\/es\\\/#website\"},\"primaryImageOfPage\":{\"@id\":\"https:\\\/\\\/www.solfinc.com\\\/es\\\/blog\\\/#primaryimage\"},\"image\":{\"@id\":\"https:\\\/\\\/www.solfinc.com\\\/es\\\/blog\\\/#primaryimage\"},\"thumbnailUrl\":\"https:\\\/\\\/www.solfinc.com\\\/wp-content\\\/uploads\\\/2018\\\/01\\\/banner-actualidad-solfinc.png\",\"datePublished\":\"2018-01-08T16:34:44+00:00\",\"dateModified\":\"2026-08-17T11:54:13+00:00\",\"description\":\"Ponte al d\u00eda de alquileres, comunidades, inmobiliaria, patrimonio y noticias con el blog de Grup Solfinc.\",\"breadcrumb\":{\"@id\":\"https:\\\/\\\/www.solfinc.com\\\/es\\\/blog\\\/#breadcrumb\"},\"inLanguage\":\"es\",\"potentialAction\":[{\"@type\":\"ReadAction\",\"target\":[\"https:\\\/\\\/www.solfinc.com\\\/es\\\/blog\\\/\"]}]},{\"@type\":\"ImageObject\",\"inLanguage\":\"es\",\"@id\":\"https:\\\/\\\/www.solfinc.com\\\/es\\\/blog\\\/#primaryimage\",\"url\":\"https:\\\/\\\/www.solfinc.com\\\/wp-content\\\/uploads\\\/2018\\\/01\\\/banner-actualidad-solfinc.png\",\"contentUrl\":\"https:\\\/\\\/www.solfinc.com\\\/wp-content\\\/uploads\\\/2018\\\/01\\\/banner-actualidad-solfinc.png\",\"width\":1920,\"height\":600,\"caption\":\"banner-actualidad-solfinc\"},{\"@type\":\"BreadcrumbList\",\"@id\":\"https:\\\/\\\/www.solfinc.com\\\/es\\\/blog\\\/#breadcrumb\",\"itemListElement\":[{\"@type\":\"ListItem\",\"position\":1,\"name\":\"Inicio\",\"item\":\"https:\\\/\\\/www.solfinc.com\\\/es\\\/\"},{\"@type\":\"ListItem\",\"position\":2,\"name\":\"Actualidad\"}]},{\"@type\":\"WebSite\",\"@id\":\"https:\\\/\\\/www.solfinc.com\\\/es\\\/#website\",\"url\":\"https:\\\/\\\/www.solfinc.com\\\/es\\\/\",\"name\":\"Grup Solfinc\",\"description\":\"Administraci\u00f3 de finques a Barcelona\",\"potentialAction\":[{\"@type\":\"SearchAction\",\"target\":{\"@type\":\"EntryPoint\",\"urlTemplate\":\"https:\\\/\\\/www.solfinc.com\\\/es\\\/?s={search_term_string}\"},\"query-input\":{\"@type\":\"PropertyValueSpecification\",\"valueRequired\":true,\"valueName\":\"search_term_string\"}}],\"inLanguage\":\"es\"},{\"@type\":\"ImageObject\",\"inLanguage\":\"es\",\"@id\":\"https:\\\/\\\/www.solfinc.com\\\/es\\\/blog\\\/#local-main-organization-logo\",\"url\":\"\",\"contentUrl\":\"\",\"caption\":\"Solfinc\"}]}<\/script>\n<!-- \/ Yoast SEO Premium plugin. -->","yoast_head_json":{"title":"Actualidad | Grup Solfinc","description":"Ponte al d\u00eda de alquileres, comunidades, inmobiliaria, patrimonio y noticias con el blog de Grup Solfinc.","robots":{"index":"index","follow":"follow","max-snippet":"max-snippet:-1","max-image-preview":"max-image-preview:large","max-video-preview":"max-video-preview:-1"},"canonical":"https:\/\/www.solfinc.com\/es\/blog\/","og_locale":"es_ES","og_type":"article","og_title":"Actualidad","og_url":"https:\/\/www.solfinc.com\/es\/blog\/","og_site_name":"Grup Solfinc","article_publisher":"https:\/\/www.facebook.com\/GrupSolfinc","article_modified_time":"2026-08-17T11:54:13+00:00","og_image":[{"width":1920,"height":600,"url":"https:\/\/www.solfinc.com\/wp-content\/uploads\/2018\/01\/banner-actualidad-solfinc.png","type":"image\/png"}],"twitter_card":"summary_large_image","twitter_site":"@grupsolfinc","twitter_misc":{"Tiempo de lectura":"1 minuto"},"schema":{"@context":"https:\/\/schema.org","@graph":[{"@type":"WebPage","@id":"https:\/\/www.solfinc.com\/es\/blog\/","url":"https:\/\/www.solfinc.com\/es\/blog\/","name":"Actualidad | Grup Solfinc","isPartOf":{"@id":"https:\/\/www.solfinc.com\/es\/#website"},"primaryImageOfPage":{"@id":"https:\/\/www.solfinc.com\/es\/blog\/#primaryimage"},"image":{"@id":"https:\/\/www.solfinc.com\/es\/blog\/#primaryimage"},"thumbnailUrl":"https:\/\/www.solfinc.com\/wp-content\/uploads\/2018\/01\/banner-actualidad-solfinc.png","datePublished":"2018-01-08T16:34:44+00:00","dateModified":"2026-08-17T11:54:13+00:00","description":"Ponte al d\u00eda de alquileres, comunidades, inmobiliaria, patrimonio y noticias con el blog de Grup Solfinc.","breadcrumb":{"@id":"https:\/\/www.solfinc.com\/es\/blog\/#breadcrumb"},"inLanguage":"es","potentialAction":[{"@type":"ReadAction","target":["https:\/\/www.solfinc.com\/es\/blog\/"]}]},{"@type":"ImageObject","inLanguage":"es","@id":"https:\/\/www.solfinc.com\/es\/blog\/#primaryimage","url":"https:\/\/www.solfinc.com\/wp-content\/uploads\/2018\/01\/banner-actualidad-solfinc.png","contentUrl":"https:\/\/www.solfinc.com\/wp-content\/uploads\/2018\/01\/banner-actualidad-solfinc.png","width":1920,"height":600,"caption":"banner-actualidad-solfinc"},{"@type":"BreadcrumbList","@id":"https:\/\/www.solfinc.com\/es\/blog\/#breadcrumb","itemListElement":[{"@type":"ListItem","position":1,"name":"Inicio","item":"https:\/\/www.solfinc.com\/es\/"},{"@type":"ListItem","position":2,"name":"Actualidad"}]},{"@type":"WebSite","@id":"https:\/\/www.solfinc.com\/es\/#website","url":"https:\/\/www.solfinc.com\/es\/","name":"Grup Solfinc","description":"Administraci\u00f3 de finques a Barcelona","potentialAction":[{"@type":"SearchAction","target":{"@type":"EntryPoint","urlTemplate":"https:\/\/www.solfinc.com\/es\/?s={search_term_string}"},"query-input":{"@type":"PropertyValueSpecification","valueRequired":true,"valueName":"search_term_string"}}],"inLanguage":"es"},{"@type":"ImageObject","inLanguage":"es","@id":"https:\/\/www.solfinc.com\/es\/blog\/#local-main-organization-logo","url":"","contentUrl":"","caption":"Solfinc"}]}},"_links":{"self":[{"href":"https:\/\/www.solfinc.com\/es\/wp-json\/wp\/v2\/pages\/169","targetHints":{"allow":["GET"]}}],"collection":[{"href":"https:\/\/www.solfinc.com\/es\/wp-json\/wp\/v2\/pages"}],"about":[{"href":"https:\/\/www.solfinc.com\/es\/wp-json\/wp\/v2\/types\/page"}],"author":[{"embeddable":true,"href":"https:\/\/www.solfinc.com\/es\/wp-json\/wp\/v2\/users\/8"}],"replies":[{"embeddable":true,"href":"https:\/\/www.solfinc.com\/es\/wp-json\/wp\/v2\/comments?post=169"}],"version-history":[{"count":0,"href":"https:\/\/www.solfinc.com\/es\/wp-json\/wp\/v2\/pages\/169\/revisions"}],"wp:featuredmedia":[{"embeddable":true,"href":"https:\/\/www.solfinc.com\/es\/wp-json\/wp\/v2\/media\/177"}],"wp:attachment":[{"href":"https:\/\/www.solfinc.com\/es\/wp-json\/wp\/v2\/media?parent=169"}],"curies":[{"name":"wp","href":"https:\/\/api.w.org\/{rel}","templated":true}]}}