{"id":191477,"date":"2024-03-11T14:41:24","date_gmt":"2024-03-11T13:41:24","guid":{"rendered":"https:\/\/www.solfinc.com\/?page_id=191477"},"modified":"2026-08-17T13:55:20","modified_gmt":"2026-08-17T11:55:20","slug":"incapacidad-laboral-temporal","status":"publish","type":"page","link":"https:\/\/www.solfinc.com\/es\/seguros\/incapacidad-laboral-temporal\/","title":{"rendered":"Contratar seguro de Incapacidad Laboral Temporal (ILT) en Barcelona"},"content":{"rendered":"<div class=\"et_pb_section_0 et_pb_section et_section_regular et_block_section\"><div class=\"et_pb_row_0 et_pb_row et_block_row\"><div class=\"et_pb_column_0 et_pb_column et_pb_column_4_4 et-last-child et_block_column et_pb_css_mix_blend_mode_passthrough\"><div class=\"et_pb_text_0 et_pb_text et_pb_bg_layout_light et_pb_module et_block_module\"><div class=\"et_pb_text_inner\"><h1><span style=\"color: #a0cf67;\">Contrata tu seguro de Incapacidad Laboral Temporal en Barcelona<\/span><\/h1>\n<\/div><\/div><div class=\"et_pb_text_1 et_pb_text et_pb_bg_layout_light et_pb_module et_block_module\"><div class=\"et_pb_text_inner\"><h2>Grup Solfinc<\/h2>\n<\/div><\/div><div class=\"et_pb_divider_0 et_pb_divider et_pb_space et_pb_divider_position_center et_pb_module\"><div class=\"et_pb_divider_internal\"><\/div><\/div><\/div><\/div><\/div><div class=\"et_pb_section_1 et_pb_section et_section_regular et_block_section\"><div class=\"et_pb_row_1 et_pb_row et_pb_row_1-4_1-2_1-4 et_pb_gutters2 et_block_row et_block_row_1-4_1-2_1-4\"><div class=\"et_pb_column_1 et_pb_column et_pb_column_1_4 et_block_column et_pb_column_empty et_pb_css_mix_blend_mode_passthrough\"><\/div><div class=\"et_pb_column_2 et_pb_column et_pb_column_1_2 et_block_column et_pb_css_mix_blend_mode_passthrough\"><div class=\"et_pb_text_2 et_pb_text et_pb_bg_layout_light et_pb_module et_block_module et_pb_text_align_center\"><div class=\"et_pb_text_inner\"><p>En Solfinc, entendemos la importancia de mantener tu estabilidad econ\u00f3mica frente a imprevistos como la incapacidad laboral temporal. Nuestros seguros est\u00e1n dise\u00f1ados para protegerte ante estas situaciones, asegurando que recibas el apoyo financiero necesario para que puedas enfocarte en tu <strong>recuperaci\u00f3n sin preocupaciones adicionales<\/strong>.<\/p>\n<\/div><\/div><\/div><div class=\"et_pb_column_3 et_pb_column et_pb_column_1_4 et-last-child et_block_column et_pb_column_empty et_pb_css_mix_blend_mode_passthrough\"><\/div><\/div><\/div><div class=\"et_pb_section_2 et_pb_section et_section_regular et_block_section\" id=\"hipotecario\"><div class=\"et_pb_row_2 et_pb_row et_block_row\"><div class=\"et_pb_column_4 et_pb_column et_pb_column_4_4 et-last-child et_block_column et_pb_css_mix_blend_mode_passthrough\"><div class=\"et_pb_text_3 et_pb_text et_pb_bg_layout_light et_pb_module et_block_module et_pb_text_align_center\"><div class=\"et_pb_text_inner\"><h2>Todas las coberturas en tu seguro de incapacidad laboral temporal<\/h2>\n<\/div><\/div><\/div><\/div><div class=\"et_pb_row_3 et_pb_row et_pb_equal_columns et_block_row\"><div class=\"et_pb_column_5 et_pb_column et_pb_column_4_4 et-last-child et_block_column et_pb_css_mix_blend_mode_passthrough\"><div class=\"et_pb_text_4 et_pb_text et_pb_bg_layout_light et_pb_module et_block_module\"><div class=\"et_pb_text_inner\"><p>Ofrecemos <strong>soluciones flexibles<\/strong> que responden a las necesidades de trabajadores aut\u00f3nomos, empleados por cuenta ajena y <strong>profesionales de todos los sectores<\/strong>. Desde cobertura por baja laboral hasta compensaci\u00f3n por p\u00e9rdida de ingresos, nuestro objetivo es brindarte la tranquilidad de saber que est\u00e1s protegido.<\/p>\n<\/div><\/div><\/div><\/div><div class=\"et_pb_row_4 et_pb_row et_block_row\"><div class=\"et_pb_column_6 et_pb_column et_pb_column_1_3 et_block_column et_pb_css_mix_blend_mode_passthrough\"><div class=\"et_pb_icon_0 et_pb_icon et_pb_module et_block_module\"><span class=\"et_pb_icon_wrap\"><span class=\"et-pb-icon\">\uf4ba<\/span><\/span><\/div><div class=\"et_pb_text_5 et_pb_text et_pb_bg_layout_light et_pb_module et_block_module et_pb_text_align_center\"><div class=\"et_pb_text_inner\"><h3>Tranquilidad a tu medida<\/h3>\n<p>Nos aseguramos de que el seguro cubra tus necesidades<\/p>\n<\/div><\/div><\/div><div class=\"et_pb_column_7 et_pb_column et_pb_column_1_3 et_block_column et_pb_css_mix_blend_mode_passthrough\"><div class=\"et_pb_icon_1 et_pb_icon et_pb_module et_block_module\"><span class=\"et_pb_icon_wrap\"><span class=\"et-pb-icon\">\uf0fb<\/span><\/span><\/div><div class=\"et_pb_text_6 et_pb_text et_pb_bg_layout_light et_pb_module et_block_module et_pb_text_align_center\"><div class=\"et_pb_text_inner\"><h3>Respuesta r\u00e1pida a tus problemas<\/h3>\n<p>Nos aseguramos de ayudarte con tus imprevistos y no dejarte cuando m\u00e1s lo necesitas<\/p>\n<\/div><\/div><\/div><div class=\"et_pb_column_8 et_pb_column et_pb_column_1_3 et-last-child et_block_column et_pb_css_mix_blend_mode_passthrough\"><div class=\"et_pb_icon_2 et_pb_icon et_pb_module et_block_module\"><span class=\"et_pb_icon_wrap\"><span class=\"et-pb-icon\">\uf508<\/span><\/span><\/div><div class=\"et_pb_text_7 et_pb_text et_pb_bg_layout_light et_pb_module et_block_module et_pb_text_align_center\"><div class=\"et_pb_text_inner\"><h3>Calidad humana<\/h3>\n<p>Recibe una atenci\u00f3n al cliente excepcional<\/p>\n<\/div><\/div><\/div><\/div><\/div><div class=\"et_pb_section_3 et_pb_section et_section_regular et_block_section\" id=\"seguros\"><div class=\"et_pb_row_5 et_pb_row et_pb_equal_columns et_block_row\"><div class=\"et_pb_column_9 et_pb_column et_pb_column_4_4 et-last-child et_block_column et_pb_css_mix_blend_mode_passthrough\"><div class=\"et_pb_text_8 et_pb_text et_pb_bg_layout_light et_pb_module et_block_module et_pb_text_align_center\"><div class=\"et_pb_text_inner\"><h2>D\u00e9janos tus datos y te llamamos<\/h2>\n<\/div><\/div><div class=\"et_pb_text_9 et_pb_text et_pb_bg_layout_light et_pb_module et_block_module\"><div class=\"et_pb_text_inner\"><p><span>Rellenar nuestro formulario es el primer paso para asegurar tu tranquilidad frente a la incapacidad laboral temporal. Con Solfinc, acceder a un seguro que te respalda es sencillo y transparente. Te ofrecemos las mejores condiciones para que puedas disfrutar de una cobertura que realmente se ajusta a tus necesidades. Empieza ahora y vive con la seguridad de estar protegido.<\/span><\/p>\n<\/div><\/div><div class=\"et_pb_contact_form_0 et_pb_contact_form_container clearfix et_pb_module et_flex_module\" data-form_unique_num=\"0\" data-form_unique_id=\"db6b7985-2a96-4158-969a-579c4b301d63\" id=\"et_pb_contact_form_db6b7985-2a96-4158-969a-579c4b301d63\"><h2 class=\"et_pb_contact_main_title\">Contratar seguro de Incapacidad Laboral Temporal (ILT) en Barcelona<\/h2><div class=\"et-pb-contact-message\"><\/div><div class=\"et_pb_contact\"><form class=\"et_pb_contact_form et_flex_module\" method=\"post\" action=\"https:\/\/www.solfinc.com\/es\/wp-json\/wp\/v2\/pages\/191477\"><div class=\"et_pb_contact_field_0 et_pb_contact_field et_pb_module et_flex_module et_flex_column_12_24 et_flex_column_12_24_tablet et_flex_column_12_24_phone\" data-id=\"name\" data-type=\"input\"><label class=\"et_pb_contact_form_label\" for=\"et_pb_contact_0_name_0\">Nombre<\/label><input type=\"text\" name=\"et_pb_contact_0_name_0\" id=\"et_pb_contact_0_name_0\" class=\"input\" data-required_mark=\"required\" data-field_type=\"input\" data-original_id=\"name\" placeholder=\"Nombre\" title=\"\" value=\"\" \/><\/div><div class=\"et_pb_contact_field_1 et_pb_contact_field et_pb_module et_flex_module et_flex_column_12_24 et_flex_column_12_24_tablet et_flex_column_12_24_phone\" data-id=\"telf\" data-type=\"input\"><label class=\"et_pb_contact_form_label\" for=\"et_pb_contact_0_telf_1\">Tel\u00e9fono<\/label><input type=\"text\" name=\"et_pb_contact_0_telf_1\" id=\"et_pb_contact_0_telf_1\" class=\"input\" data-required_mark=\"required\" data-field_type=\"input\" data-original_id=\"telf\" placeholder=\"Tel\u00e9fono\" pattern=\"[0-9\\s\\-]{9,}\" title=\"Solo se permiten n\u00fameros.Longitud m\u00ednima: 9 caracteres. \" value=\"\" \/><\/div><div class=\"et_pb_contact_field_2 et_pb_contact_field et_pb_module et_flex_module et_flex_column_12_24 et_flex_column_12_24_tablet et_flex_column_12_24_phone\" data-id=\"email\" data-type=\"email\"><label class=\"et_pb_contact_form_label\" for=\"et_pb_contact_0_email_2\">Direcci\u00f3n de correo electr\u00f3nico<\/label><input type=\"text\" name=\"et_pb_contact_0_email_2\" id=\"et_pb_contact_0_email_2\" class=\"input\" data-required_mark=\"required\" data-field_type=\"email\" data-original_id=\"email\" placeholder=\"Direcci\u00f3n de correo electr\u00f3nico\" title=\"\" value=\"\" \/><\/div><div class=\"et_pb_contact_field_3 et_pb_contact_field et_pb_module et_flex_module et_flex_column_24_24 et_flex_column_24_24_tablet et_flex_column_24_24_phone\" data-id=\"mensaje\" data-type=\"text\"><label class=\"et_pb_contact_form_label\" for=\"et_pb_contact_0_mensaje_3\">\u00bfQu\u00e9 necesitas?<\/label><textarea name=\"et_pb_contact_0_mensaje_3\" id=\"et_pb_contact_0_mensaje_3\" class=\"et_pb_contact_message input\" data-required_mark=\"not_required\" data-field_type=\"text\" data-original_id=\"mensaje\" placeholder=\"\u00bfQu\u00e9 necesitas?\"><\/textarea><\/div><div class=\"et_pb_contact_field_4 et_pb_contact_field et_pb_module et_flex_module et_flex_column_12_24 et_flex_column_12_24_tablet et_flex_column_12_24_phone\" data-id=\"legal\" data-type=\"checkbox\"><label class=\"et_pb_contact_form_label\"> <\/label><input type=\"hidden\" name=\"et_pb_contact_0_legal_4\" class=\"et_pb_checkbox_handle\" data-required_mark=\"required\" data-field_type=\"checkbox\" data-original_id=\"legal\" \/><span class=\"et_pb_contact_field_options_wrapper et_pb_field_module_checkbox\"><span class=\"et_pb_contact_field_options_title\"> <\/span><span class=\"et_pb_contact_field_options_list\"><span class=\"et_pb_contact_field_checkbox\"><input type=\"checkbox\" id=\"et_pb_contact_0_legal_4_0\" class=\"input\" value=\"Acepto las condiciones legales.\" data-required_mark=\"required\" data-field_type=\"checkbox\" data-original_id=\"legal\" \/><label for=\"et_pb_contact_0_legal_4_0\"><i><\/i>Acepto las condiciones legales. <a target=\"_blank\" href=\"https:\/\/www.solfinc.com\/es\/aviso-legal\/\"><\/a><\/label><\/span><\/span><\/span><\/div><input type=\"hidden\" name=\"et_pb_contactform_submit_db6b7985-2a96-4158-969a-579c4b301d63\" value=\"et_contact_proccess\" \/><div class=\"et_contact_bottom_container\"><div class=\"et_pb_contact_right et_pb_contact_field\"><p class=\"clearfix\"><label><span class=\"et_pb_contact_captcha_question\">9 + 2<\/span> = <input type=\"text\" size=\"2\" class=\"input et_pb_contact_captcha\" data-first_digit=\"9\" data-second_digit=\"2\" data-required_mark=\"required\" name=\"et_pb_contact_captcha_db6b7985-2a96-4158-969a-579c4b301d63\" autocomplete=\"off\" \/><\/label><\/p><\/div><div class=\"et_pb_button_wrapper\"><button type=\"submit\" name=\"et_builder_submit_button\" class=\"et_pb_button et_pb_contact_submit\">Submit<\/button><\/div><\/div><input type=\"hidden\" id=\"_wpnonce-et-pb-contact-form-submitted-db6b7985-2a96-4158-969a-579c4b301d63\" name=\"_wpnonce-et-pb-contact-form-submitted-db6b7985-2a96-4158-969a-579c4b301d63\" value=\"9225bc02a0\" \/><input type=\"hidden\" name=\"_wp_http_referer\" value=\"\/es\/wp-json\/wp\/v2\/pages\/191477\" \/><\/form><\/div><\/div><\/div><\/div><\/div>","protected":false},"excerpt":{"rendered":"","protected":false},"author":13,"featured_media":0,"parent":76,"menu_order":0,"comment_status":"closed","ping_status":"closed","template":"","meta":{"inline_featured_image":false,"footnotes":""},"class_list":["post-191477","page","type-page","status-publish","hentry"],"yoast_head":"<!-- This site is optimized with the Yoast SEO Premium plugin v28.1 (Yoast SEO v28.3) - https:\/\/yoast.com\/product\/yoast-seo-premium-wordpress\/ -->\n<title>Contratar seguro de Incapacidad Laboral Temporal (ILT) en Barcelona | Grup Solfinc<\/title>\n<meta name=\"description\" content=\"Mant\u00e9n tu estabilidad econ\u00f3mica ante bajas laborales con seguros de ILT. Protecci\u00f3n de ingresos con Solfinc.\" \/>\n<meta name=\"robots\" content=\"index, follow, max-snippet:-1, max-image-preview:large, max-video-preview:-1\" \/>\n<link rel=\"canonical\" href=\"https:\/\/www.solfinc.com\/es\/seguros\/incapacidad-laboral-temporal\/\" \/>\n<meta property=\"og:locale\" content=\"es_ES\" \/>\n<meta property=\"og:type\" content=\"article\" \/>\n<meta property=\"og:title\" content=\"Contratar seguro de Incapacidad Laboral Temporal (ILT) en Barcelona\" \/>\n<meta property=\"og:url\" content=\"https:\/\/www.solfinc.com\/es\/seguros\/incapacidad-laboral-temporal\/\" \/>\n<meta property=\"og:site_name\" content=\"Grup Solfinc\" \/>\n<meta property=\"article:publisher\" content=\"https:\/\/www.facebook.com\/GrupSolfinc\" \/>\n<meta property=\"article:modified_time\" content=\"2026-08-17T11:55:20+00:00\" \/>\n<meta name=\"twitter:card\" content=\"summary_large_image\" \/>\n<meta name=\"twitter:site\" content=\"@grupsolfinc\" \/>\n<meta name=\"twitter:label1\" content=\"Tiempo de lectura\" \/>\n\t<meta name=\"twitter:data1\" content=\"1 minuto\" \/>\n<script type=\"application\/ld+json\" class=\"yoast-schema-graph\">{\"@context\":\"https:\\\/\\\/schema.org\",\"@graph\":[{\"@type\":\"WebPage\",\"@id\":\"https:\\\/\\\/www.solfinc.com\\\/es\\\/seguros\\\/incapacidad-laboral-temporal\\\/\",\"url\":\"https:\\\/\\\/www.solfinc.com\\\/es\\\/seguros\\\/incapacidad-laboral-temporal\\\/\",\"name\":\"Contratar seguro de Incapacidad Laboral Temporal (ILT) en Barcelona | Grup Solfinc\",\"isPartOf\":{\"@id\":\"https:\\\/\\\/www.solfinc.com\\\/es\\\/#website\"},\"datePublished\":\"2024-03-11T13:41:24+00:00\",\"dateModified\":\"2026-08-17T11:55:20+00:00\",\"description\":\"Mant\u00e9n tu estabilidad econ\u00f3mica ante bajas laborales con seguros de ILT. Protecci\u00f3n de ingresos con Solfinc.\",\"breadcrumb\":{\"@id\":\"https:\\\/\\\/www.solfinc.com\\\/es\\\/seguros\\\/incapacidad-laboral-temporal\\\/#breadcrumb\"},\"inLanguage\":\"es\",\"potentialAction\":[{\"@type\":\"ReadAction\",\"target\":[\"https:\\\/\\\/www.solfinc.com\\\/es\\\/seguros\\\/incapacidad-laboral-temporal\\\/\"]}]},{\"@type\":\"BreadcrumbList\",\"@id\":\"https:\\\/\\\/www.solfinc.com\\\/es\\\/seguros\\\/incapacidad-laboral-temporal\\\/#breadcrumb\",\"itemListElement\":[{\"@type\":\"ListItem\",\"position\":1,\"name\":\"Inicio\",\"item\":\"https:\\\/\\\/www.solfinc.com\\\/es\\\/\"},{\"@type\":\"ListItem\",\"position\":2,\"name\":\"Seguros en Barcelona, Eixample\",\"item\":\"https:\\\/\\\/www.solfinc.com\\\/es\\\/seguros\\\/\"},{\"@type\":\"ListItem\",\"position\":3,\"name\":\"Contratar seguro de Incapacidad Laboral Temporal (ILT) en Barcelona\"}]},{\"@type\":\"WebSite\",\"@id\":\"https:\\\/\\\/www.solfinc.com\\\/es\\\/#website\",\"url\":\"https:\\\/\\\/www.solfinc.com\\\/es\\\/\",\"name\":\"Grup Solfinc\",\"description\":\"Administraci\u00f3 de finques a Barcelona\",\"potentialAction\":[{\"@type\":\"SearchAction\",\"target\":{\"@type\":\"EntryPoint\",\"urlTemplate\":\"https:\\\/\\\/www.solfinc.com\\\/es\\\/?s={search_term_string}\"},\"query-input\":{\"@type\":\"PropertyValueSpecification\",\"valueRequired\":true,\"valueName\":\"search_term_string\"}}],\"inLanguage\":\"es\"},{\"@type\":\"ImageObject\",\"inLanguage\":\"es\",\"@id\":\"https:\\\/\\\/www.solfinc.com\\\/es\\\/seguros\\\/incapacidad-laboral-temporal\\\/#local-main-organization-logo\",\"url\":\"\",\"contentUrl\":\"\",\"caption\":\"Solfinc\"}]}<\/script>\n<!-- \/ Yoast SEO Premium plugin. -->","yoast_head_json":{"title":"Contratar seguro de Incapacidad Laboral Temporal (ILT) en Barcelona | Grup Solfinc","description":"Mant\u00e9n tu estabilidad econ\u00f3mica ante bajas laborales con seguros de ILT. Protecci\u00f3n de ingresos con Solfinc.","robots":{"index":"index","follow":"follow","max-snippet":"max-snippet:-1","max-image-preview":"max-image-preview:large","max-video-preview":"max-video-preview:-1"},"canonical":"https:\/\/www.solfinc.com\/es\/seguros\/incapacidad-laboral-temporal\/","og_locale":"es_ES","og_type":"article","og_title":"Contratar seguro de Incapacidad Laboral Temporal (ILT) en Barcelona","og_url":"https:\/\/www.solfinc.com\/es\/seguros\/incapacidad-laboral-temporal\/","og_site_name":"Grup Solfinc","article_publisher":"https:\/\/www.facebook.com\/GrupSolfinc","article_modified_time":"2026-08-17T11:55:20+00:00","twitter_card":"summary_large_image","twitter_site":"@grupsolfinc","twitter_misc":{"Tiempo de lectura":"1 minuto"},"schema":{"@context":"https:\/\/schema.org","@graph":[{"@type":"WebPage","@id":"https:\/\/www.solfinc.com\/es\/seguros\/incapacidad-laboral-temporal\/","url":"https:\/\/www.solfinc.com\/es\/seguros\/incapacidad-laboral-temporal\/","name":"Contratar seguro de Incapacidad Laboral Temporal (ILT) en Barcelona | Grup Solfinc","isPartOf":{"@id":"https:\/\/www.solfinc.com\/es\/#website"},"datePublished":"2024-03-11T13:41:24+00:00","dateModified":"2026-08-17T11:55:20+00:00","description":"Mant\u00e9n tu estabilidad econ\u00f3mica ante bajas laborales con seguros de ILT. Protecci\u00f3n de ingresos con Solfinc.","breadcrumb":{"@id":"https:\/\/www.solfinc.com\/es\/seguros\/incapacidad-laboral-temporal\/#breadcrumb"},"inLanguage":"es","potentialAction":[{"@type":"ReadAction","target":["https:\/\/www.solfinc.com\/es\/seguros\/incapacidad-laboral-temporal\/"]}]},{"@type":"BreadcrumbList","@id":"https:\/\/www.solfinc.com\/es\/seguros\/incapacidad-laboral-temporal\/#breadcrumb","itemListElement":[{"@type":"ListItem","position":1,"name":"Inicio","item":"https:\/\/www.solfinc.com\/es\/"},{"@type":"ListItem","position":2,"name":"Seguros en Barcelona, Eixample","item":"https:\/\/www.solfinc.com\/es\/seguros\/"},{"@type":"ListItem","position":3,"name":"Contratar seguro de Incapacidad Laboral Temporal (ILT) en Barcelona"}]},{"@type":"WebSite","@id":"https:\/\/www.solfinc.com\/es\/#website","url":"https:\/\/www.solfinc.com\/es\/","name":"Grup Solfinc","description":"Administraci\u00f3 de finques a Barcelona","potentialAction":[{"@type":"SearchAction","target":{"@type":"EntryPoint","urlTemplate":"https:\/\/www.solfinc.com\/es\/?s={search_term_string}"},"query-input":{"@type":"PropertyValueSpecification","valueRequired":true,"valueName":"search_term_string"}}],"inLanguage":"es"},{"@type":"ImageObject","inLanguage":"es","@id":"https:\/\/www.solfinc.com\/es\/seguros\/incapacidad-laboral-temporal\/#local-main-organization-logo","url":"","contentUrl":"","caption":"Solfinc"}]}},"_links":{"self":[{"href":"https:\/\/www.solfinc.com\/es\/wp-json\/wp\/v2\/pages\/191477","targetHints":{"allow":["GET"]}}],"collection":[{"href":"https:\/\/www.solfinc.com\/es\/wp-json\/wp\/v2\/pages"}],"about":[{"href":"https:\/\/www.solfinc.com\/es\/wp-json\/wp\/v2\/types\/page"}],"author":[{"embeddable":true,"href":"https:\/\/www.solfinc.com\/es\/wp-json\/wp\/v2\/users\/13"}],"replies":[{"embeddable":true,"href":"https:\/\/www.solfinc.com\/es\/wp-json\/wp\/v2\/comments?post=191477"}],"version-history":[{"count":0,"href":"https:\/\/www.solfinc.com\/es\/wp-json\/wp\/v2\/pages\/191477\/revisions"}],"up":[{"embeddable":true,"href":"https:\/\/www.solfinc.com\/es\/wp-json\/wp\/v2\/pages\/76"}],"wp:attachment":[{"href":"https:\/\/www.solfinc.com\/es\/wp-json\/wp\/v2\/media?parent=191477"}],"curies":[{"name":"wp","href":"https:\/\/api.w.org\/{rel}","templated":true}]}}