{"id":250455,"date":"2026-08-31T09:00:45","date_gmt":"2026-08-31T07:00:45","guid":{"rendered":"https:\/\/www.solfinc.com\/?page_id=250455"},"modified":"2026-08-31T15:49:15","modified_gmt":"2026-08-31T13:49:15","slug":"sobre-nosotros","status":"publish","type":"page","link":"https:\/\/www.solfinc.com\/es\/sobre-nosotros\/","title":{"rendered":"Sobre nosotros"},"content":{"rendered":"<div class=\"et_pb_section_0 et_pb_section et_section_regular et_block_section\">\n<div class=\"et_pb_row_0 et_pb_row et_block_row\">\n<div class=\"et_pb_column_0 et_pb_column et_pb_column_4_4 et-last-child et_block_column et_pb_css_mix_blend_mode_passthrough\">\n<div class=\"et_pb_text_0 et_pb_text et_pb_bg_layout_light et_pb_module et_block_module\"><div class=\"et_pb_text_inner\"><h1><span style=\"color: #a0cf67;\">Sobre Grup Solfinc<\/span><\/h1>\n<\/div><\/div>\n\n<div class=\"et_pb_text_1 et_pb_text et_pb_bg_layout_light et_pb_module et_block_module\"><div class=\"et_pb_text_inner\"><h2>Desde 1977 cuidando del patrimonio de nuestros clientes<\/h2>\n<\/div><\/div>\n\n<div class=\"et_pb_module et_pb_button_module_wrapper et_pb_button_0_wrapper\"><a class=\"et_pb_button_0 et_pb_button et_pb_bg_layout_light et_pb_module et_block_module\" href=\"\/es\/contacto\/\">Cont\u00e1ctanos<\/a><\/div>\n\n<div class=\"et_pb_divider_0 et_pb_divider et_pb_space et_pb_divider_position_center et_pb_module\"><div class=\"et_pb_divider_internal\"><\/div><\/div>\n<\/div>\n<\/div>\n<\/div>\n\n<div class=\"et_pb_section_1 et_pb_section et_section_regular et_flex_section\">\n<div class=\"et_pb_row_1 et_pb_row et_flex_row\">\n<div class=\"et_pb_column_1 et_pb_column et_flex_column et_pb_css_mix_blend_mode_passthrough et_flex_column_12_24 et_flex_column_12_24_tablet et_flex_column_24_24_phone\">\n<div class=\"et_pb_text_2 et_pb_text et_pb_bg_layout_light et_pb_module et_flex_module\"><div class=\"et_pb_text_inner\"><h2>Una empresa familiar con visi\u00f3n profesional, servicio integral y vocaci\u00f3n de futuro<\/h2>\n<p>Grup Solfinc fue fundada en Barcelona en 1977 por <strong>Joan Soler Torrents<\/strong>. Durante cinco d\u00e9cadas hemos acompa\u00f1ado a propietarios, comunidades y empresas en la administraci\u00f3n y protecci\u00f3n de sus inmuebles, ofreciendo un servicio de gesti\u00f3n inmobiliaria integral.<\/p>\n<\/div><\/div>\n\n<div class=\"et_pb_image_0 et_pb_image et_pb_module et_flex_module\"><span class=\"et_pb_image_wrap\"><img decoding=\"async\" src=\"https:\/\/www.solfinc.com\/wp-content\/uploads\/2026\/08\/50-anos.jpg\" alt=\"50 a\u00f1os\" title=\"50 a\u00f1os\" width=\"1000\" height=\"376\" srcset=\"https:\/\/www.solfinc.com\/wp-content\/uploads\/2026\/08\/50-anos.jpg 1000w, https:\/\/www.solfinc.com\/wp-content\/uploads\/2026\/08\/50-anos-980x368.jpg 980w, https:\/\/www.solfinc.com\/wp-content\/uploads\/2026\/08\/50-anos-480x180.jpg 480w\" sizes=\"(min-width: 0px) and (max-width: 480px) 480px, (min-width: 481px) and (max-width: 980px) 980px, (min-width: 981px) 1000px, 100vw\" class=\"wp-image-250462\" \/><\/span><\/div>\n<\/div>\n\n<div class=\"et_pb_column_2 et_pb_column et-last-child et_flex_column et_pb_css_mix_blend_mode_passthrough et_flex_column_12_24 et_flex_column_12_24_tablet et_flex_column_24_24_phone\">\n<div class=\"et_pb_image_1 et_pb_image et_pb_module et_flex_module\"><span class=\"et_pb_image_wrap\"><img decoding=\"async\" src=\"https:\/\/www.solfinc.com\/wp-content\/uploads\/2026\/08\/agencia-inmobiliaria-solfinc.jpg\" alt=\"Agencia inmobiliaria Solfinc\" title=\"Agencia inmobiliaria Solfinc\" width=\"1000\" height=\"668\" srcset=\"https:\/\/www.solfinc.com\/wp-content\/uploads\/2026\/08\/agencia-inmobiliaria-solfinc.jpg 1000w, https:\/\/www.solfinc.com\/wp-content\/uploads\/2026\/08\/agencia-inmobiliaria-solfinc-980x655.jpg 980w, https:\/\/www.solfinc.com\/wp-content\/uploads\/2026\/08\/agencia-inmobiliaria-solfinc-480x321.jpg 480w\" sizes=\"(min-width: 0px) and (max-width: 480px) 480px, (min-width: 481px) and (max-width: 980px) 980px, (min-width: 981px) 1000px, 100vw\" class=\"wp-image-250466\" \/><\/span><\/div>\n<\/div>\n<\/div>\n<\/div>\n\n<div class=\"et_pb_section_2 et_pb_section et_section_regular et_flex_section\">\n<div class=\"et_pb_row_2 et_pb_row et_flex_row\">\n<div class=\"et_pb_column_3 et_pb_column et-last-child et_flex_column et_pb_css_mix_blend_mode_passthrough et_flex_column_24_24 et_flex_column_24_24_tablet et_flex_column_24_24_phone\">\n<div class=\"et_pb_text_3 et_pb_text et_pb_bg_layout_light et_pb_module et_flex_module\"><div class=\"et_pb_text_inner\"><p>Nuestra filosof\u00eda<\/p>\n<\/div><\/div>\n\n<div class=\"et_pb_text_4 et_pb_text et_pb_bg_layout_light et_pb_module et_flex_module\"><div class=\"et_pb_text_inner\"><h2>Una forma de gestionar basada en la confianza<\/h2>\n<p>Combinamos la cercan\u00eda y la implicaci\u00f3n propias de una empresa familiar con la especializaci\u00f3n y la capacidad de respuesta de un equipo multidisciplinar.<\/p>\n<p>No nos limitamos a gestionar inmuebles: escuchamos, asesoramos, anticipamos problemas y buscamos soluciones adaptadas a cada cliente, con una perspectiva de largo plazo.<\/p>\n<\/div><\/div>\n\n<div class=\"et_pb_testimonial_0 et_pb_testimonial et_pb_testimonial_no_image et_pb_bg_layout_light et_pb_text_align_center et_pb_module et_flex_module\"><div class=\"et_pb_testimonial_inner\"><div class=\"et_pb_testimonial_description et_flex_module\"><div class=\"et_pb_testimonial_description_inner\"><div class=\"et_pb_testimonial_content\"><p>\"Asesorar el patrimonio de los clientes como si fuese nuestro\"<\/p>\n<\/div><\/div><div class=\"et_pb_testimonial_author\">Joan Soler Torrents<\/div><div class=\"et_pb_testimonial_meta\"><span class=\"et_pb_testimonial_position\">Fundador de Solfinc<\/span><\/div><\/div><\/div><\/div>\n<\/div>\n<\/div>\n<\/div>\n\n<div class=\"et_pb_section_3 et_pb_section et_section_regular et_flex_section\">\n<div class=\"et_pb_row_3 et_pb_row et_flex_row\">\n<div class=\"et_pb_column_4 et_pb_column et_flex_column et_pb_css_mix_blend_mode_passthrough et_flex_column_6_24 et_flex_column_12_24_tablet et_flex_column_24_24_phone\">\n<div class=\"et_pb_blurb_0 et_pb_blurb et_pb_bg_layout_light et_pb_blurb_position_left et_pb_module et_flex_module\"><div class=\"et_pb_blurb_content et_flex_module\"><div class=\"et_pb_main_blurb_image\"><span class=\"et_pb_image_wrap\"><span class=\"et-pb-icon\">\ue023<\/span><\/span><\/div><div class=\"et_pb_blurb_container\"><h2 class=\"et_pb_module_header\">1977<\/h2><div class=\"et_pb_blurb_description\"><p>A\u00f1o de fundaci\u00f3n<\/p>\n<\/div><\/div><\/div><\/div>\n<\/div>\n\n<div class=\"et_pb_column_5 et_pb_column et_flex_column et_pb_css_mix_blend_mode_passthrough et_flex_column_6_24 et_flex_column_12_24_tablet et_flex_column_24_24_phone\">\n<div class=\"et_pb_blurb_1 et_pb_blurb et_pb_bg_layout_light et_pb_blurb_position_left et_pb_module et_flex_module\"><div class=\"et_pb_blurb_content et_flex_module\"><div class=\"et_pb_main_blurb_image\"><span class=\"et_pb_image_wrap\"><span class=\"et-pb-icon\">\uf007<\/span><\/span><\/div><div class=\"et_pb_blurb_container\"><h2 class=\"et_pb_module_header\">+30<\/h2><div class=\"et_pb_blurb_description\"><p>Profesionales<\/p>\n<\/div><\/div><\/div><\/div>\n<\/div>\n\n<div class=\"et_pb_column_6 et_pb_column et_flex_column et_pb_css_mix_blend_mode_passthrough et_flex_column_6_24 et_flex_column_12_24_tablet et_flex_column_24_24_phone\">\n<div class=\"et_pb_blurb_2 et_pb_blurb et_pb_bg_layout_light et_pb_blurb_position_left et_pb_module et_flex_module\"><div class=\"et_pb_blurb_content et_flex_module\"><div class=\"et_pb_main_blurb_image\"><span class=\"et_pb_image_wrap\"><span class=\"et-pb-icon\">\ue0ef<\/span><\/span><\/div><div class=\"et_pb_blurb_container\"><h2 class=\"et_pb_module_header\">+250<\/h2><div class=\"et_pb_blurb_description\"><p>Comunidades administradas<\/p>\n<\/div><\/div><\/div><\/div>\n<\/div>\n\n<div class=\"et_pb_column_7 et_pb_column et-last-child et_flex_column et_pb_css_mix_blend_mode_passthrough et_flex_column_6_24 et_flex_column_12_24_tablet et_flex_column_24_24_phone\">\n<div class=\"et_pb_blurb_3 et_pb_blurb et_pb_bg_layout_light et_pb_blurb_position_left et_pb_module et_flex_module\"><div class=\"et_pb_blurb_content et_flex_module\"><div class=\"et_pb_main_blurb_image\"><span class=\"et_pb_image_wrap\"><span class=\"et-pb-icon\">\ue009<\/span><\/span><\/div><div class=\"et_pb_blurb_container\"><h2 class=\"et_pb_module_header\">+7.000<\/h2><div class=\"et_pb_blurb_description\"><p>Viviendas, locales y plazas gestionadas<\/p>\n<\/div><\/div><\/div><\/div>\n<\/div>\n<\/div>\n\n<div class=\"et_pb_row_4 et_pb_row et_flex_row\">\n<div class=\"et_pb_column_8 et_pb_column et_flex_column et_pb_css_mix_blend_mode_passthrough et_flex_column_6_24 et_flex_column_12_24_tablet et_flex_column_24_24_phone\">\n<div class=\"et_pb_blurb_4 et_pb_blurb et_pb_bg_layout_light et_pb_blurb_position_left et_pb_module et_flex_module\"><div class=\"et_pb_blurb_content et_flex_module\"><div class=\"et_pb_main_blurb_image\"><span class=\"et_pb_image_wrap\"><span class=\"et-pb-icon\">\uf14a<\/span><\/span><\/div><div class=\"et_pb_blurb_container\"><h2 class=\"et_pb_module_header\">250<\/h2><div class=\"et_pb_blurb_description\"><p>Contratos de alquiler al a\u00f1o<\/p>\n<\/div><\/div><\/div><\/div>\n<\/div>\n\n<div class=\"et_pb_column_9 et_pb_column et_flex_column et_pb_css_mix_blend_mode_passthrough et_flex_column_6_24 et_flex_column_12_24_tablet et_flex_column_24_24_phone\">\n<div class=\"et_pb_blurb_5 et_pb_blurb et_pb_bg_layout_light et_pb_blurb_position_left et_pb_module et_flex_module\"><div class=\"et_pb_blurb_content et_flex_module\"><div class=\"et_pb_main_blurb_image\"><span class=\"et_pb_image_wrap\"><span class=\"et-pb-icon\">\ue031<\/span><\/span><\/div><div class=\"et_pb_blurb_container\"><h2 class=\"et_pb_module_header\">50<\/h2><div class=\"et_pb_blurb_description\"><p>Ventas anuales<\/p>\n<\/div><\/div><\/div><\/div>\n<\/div>\n\n<div class=\"et_pb_column_10 et_pb_column et_flex_column et_pb_css_mix_blend_mode_passthrough et_flex_column_6_24 et_flex_column_12_24_tablet et_flex_column_24_24_phone\">\n<div class=\"et_pb_blurb_6 et_pb_blurb et_pb_bg_layout_light et_pb_blurb_position_left et_pb_module et_flex_module\"><div class=\"et_pb_blurb_content et_flex_module\"><div class=\"et_pb_main_blurb_image\"><span class=\"et_pb_image_wrap\"><span class=\"et-pb-icon\">P<\/span><\/span><\/div><div class=\"et_pb_blurb_container\"><h2 class=\"et_pb_module_header\">+2.500<\/h2><div class=\"et_pb_blurb_description\"><p>Incidencias gestionadas al a\u00f1o<\/p>\n<\/div><\/div><\/div><\/div>\n<\/div>\n\n<div class=\"et_pb_column_11 et_pb_column et-last-child et_flex_column et_pb_css_mix_blend_mode_passthrough et_flex_column_6_24 et_flex_column_12_24_tablet et_flex_column_24_24_phone\">\n<div class=\"et_pb_blurb_7 et_pb_blurb et_pb_bg_layout_light et_pb_blurb_position_left et_pb_module et_flex_module\"><div class=\"et_pb_blurb_content et_flex_module\"><div class=\"et_pb_main_blurb_image\"><span class=\"et_pb_image_wrap\"><span class=\"et-pb-icon\">\ue030<\/span><\/span><\/div><div class=\"et_pb_blurb_container\"><h2 class=\"et_pb_module_header\">70%<\/h2><div class=\"et_pb_blurb_description\"><p>Clientes altamente fidelizados<\/p>\n<\/div><\/div><\/div><\/div>\n<\/div>\n<\/div>\n<\/div>\n\n<div class=\"et_pb_section_4 et_pb_section et_section_regular et_flex_section\">\n<div class=\"et_pb_row_5 et_pb_row et_flex_row\">\n<div class=\"et_pb_column_12 et_pb_column et-last-child et_flex_column et_pb_css_mix_blend_mode_passthrough et_flex_column_24_24 et_flex_column_24_24_tablet et_flex_column_24_24_phone\">\n<div class=\"et_pb_text_5 et_pb_text et_pb_bg_layout_light et_pb_module et_flex_module\"><div class=\"et_pb_text_inner\"><p>Historia y trayectoria<\/p>\n<\/div><\/div>\n\n<div class=\"et_pb_text_6 et_pb_text et_pb_bg_layout_light et_pb_module et_flex_module\"><div class=\"et_pb_text_inner\"><h2>Una trayectoria construida sobre confianza, experiencia y evoluci\u00f3n<\/h2>\n<p>La historia de Grup Solfinc es la evoluci\u00f3n de una empresa nacida en Barcelona que ha ampliado sus especialidades para ofrecer una respuesta cada vez m\u00e1s completa a propietarios, comunidades y empresas.<\/p>\n<\/div><\/div>\n\n<div class=\"et_pb_timeline_0 et_pb_timeline et_pb_module\"><div class=\"et_pb_timeline_track_wrapper\"><div class=\"et_pb_timeline_track\">\n<div class=\"et_pb_timeline_item_0 et_pb_timeline_item et_pb_module\"><div class=\"et_pb_timeline_spacer\"><\/div><div class=\"et_pb_timeline_ornament\"><div class=\"et_pb_timeline_connector\"><\/div><div class=\"et_pb_timeline_marker\"><\/div><\/div><div class=\"et_pb_timeline_card\"><div class=\"et_pb_timeline_date\">1977<\/div><h3 class=\"et_pb_timeline_title\">Nace Solfinc<\/h3><div class=\"et_pb_timeline_content\"><p>Joan Soler Torrents funda la empresa en Barcelona. La actividad comienza en un local de la calle Sic\u00edlia, en el entorno de la Sagrada Fam\u00edlia.<\/p>\n<\/div><\/div><\/div>\n\n<div class=\"et_pb_timeline_item_1 et_pb_timeline_item et_pb_module\"><div class=\"et_pb_timeline_spacer\"><\/div><div class=\"et_pb_timeline_ornament\"><div class=\"et_pb_timeline_connector\"><\/div><div class=\"et_pb_timeline_marker\"><\/div><\/div><div class=\"et_pb_timeline_card\"><div class=\"et_pb_timeline_date\">2004<\/div><h3 class=\"et_pb_timeline_title\">Segunda generaci\u00f3n<\/h3><div class=\"et_pb_timeline_content\"><p>Se incorpora Ram\u00f3n Soler Morat\u00f3, abogado y representante de la segunda generaci\u00f3n familiar, impulsando una etapa de renovaci\u00f3n y profesionalizaci\u00f3n.<\/p>\n<\/div><\/div><\/div>\n\n<div class=\"et_pb_timeline_item_2 et_pb_timeline_item et_pb_module\"><div class=\"et_pb_timeline_spacer\"><\/div><div class=\"et_pb_timeline_ornament\"><div class=\"et_pb_timeline_connector\"><\/div><div class=\"et_pb_timeline_marker\"><\/div><\/div><div class=\"et_pb_timeline_card\"><div class=\"et_pb_timeline_date\">Evoluci\u00f3n<\/div><h3 class=\"et_pb_timeline_title\">Nace Grup Solfinc<\/h3><div class=\"et_pb_timeline_content\"><p>La administraci\u00f3n inmobiliaria tradicional evoluciona hacia un modelo integral que incorpora alquileres, patrimonios, compraventa, seguros y asesoramiento.<\/p>\n<\/div><\/div><\/div>\n\n<div class=\"et_pb_timeline_item_3 et_pb_timeline_item et_pb_module\"><div class=\"et_pb_timeline_spacer\"><\/div><div class=\"et_pb_timeline_ornament\"><div class=\"et_pb_timeline_connector\"><\/div><div class=\"et_pb_timeline_marker\"><\/div><\/div><div class=\"et_pb_timeline_card\"><div class=\"et_pb_timeline_date\">2027<\/div><h3 class=\"et_pb_timeline_title\">50 a\u00f1os de trayectoria<\/h3><div class=\"et_pb_timeline_content\"><p>El 50.\u00ba aniversario abre una nueva etapa orientada a la digitalizaci\u00f3n, la innovaci\u00f3n, la especializaci\u00f3n y la incorporaci\u00f3n de nuevas generaciones.<\/p>\n<\/div><\/div><\/div>\n<\/div><\/div><\/div>\n<\/div>\n<\/div>\n<\/div>\n\n<div class=\"et_pb_section_5 et_pb_section et_section_regular et_flex_section\">\n<div class=\"et_pb_row_6 et_pb_row et_flex_row\">\n<div class=\"et_pb_column_13 et_pb_column et-last-child et_flex_column et_pb_css_mix_blend_mode_passthrough et_flex_column_24_24 et_flex_column_24_24_tablet et_flex_column_24_24_phone\">\n<div class=\"et_pb_text_7 et_pb_text et_pb_bg_layout_light et_pb_module et_flex_module\"><div class=\"et_pb_text_inner\"><p>Lo que nos gu\u00eda<\/p>\n<\/div><\/div>\n\n<div class=\"et_pb_text_8 et_pb_text et_pb_bg_layout_light et_pb_module et_flex_module\"><div class=\"et_pb_text_inner\"><h2>Nuestros valores<\/h2>\n<p>Una manera de trabajar basada en relaciones duraderas, claridad, especializaci\u00f3n y capacidad de respuesta.<\/p>\n<\/div><\/div>\n<\/div>\n<\/div>\n\n<div class=\"et_pb_row_7 et_pb_row et_flex_row\">\n<div class=\"et_pb_column_14 et_pb_column et_flex_column et_pb_css_mix_blend_mode_passthrough et_flex_column_1_5 et_flex_column_12_24_tablet et_flex_column_24_24_phone\">\n<div class=\"et_pb_text_9 et_pb_text et_pb_bg_layout_light et_pb_module et_flex_module\"><div class=\"et_pb_text_inner\"><p>01<\/p>\n<\/div><\/div>\n\n<div class=\"et_pb_text_10 et_pb_text et_pb_bg_layout_light et_pb_module et_flex_module\"><div class=\"et_pb_text_inner\"><h3>Confianza y transparencia<\/h3>\n<p>Relaciones duraderas, informaci\u00f3n clara y una gesti\u00f3n responsable de cada decisi\u00f3n.<\/p>\n<p>&nbsp;<\/p>\n<\/div><\/div>\n<\/div>\n\n<div class=\"et_pb_column_15 et_pb_column et_flex_column et_pb_css_mix_blend_mode_passthrough et_flex_column_1_5 et_flex_column_12_24_tablet et_flex_column_24_24_phone\">\n<div class=\"et_pb_text_11 et_pb_text et_pb_bg_layout_light et_pb_module et_flex_module\"><div class=\"et_pb_text_inner\"><p>02<\/p>\n<\/div><\/div>\n\n<div class=\"et_pb_text_12 et_pb_text et_pb_bg_layout_light et_pb_module et_flex_module\"><div class=\"et_pb_text_inner\"><h3>Cercan\u00eda y compromiso<\/h3>\n<p>Trato directo, escucha y seguimiento real de los asuntos que afectan a cada cliente.<\/p>\n<\/div><\/div>\n<\/div>\n\n<div class=\"et_pb_column_16 et_pb_column et_flex_column et_pb_css_mix_blend_mode_passthrough et_flex_column_1_5 et_flex_column_12_24_tablet et_flex_column_24_24_phone\">\n<div class=\"et_pb_text_13 et_pb_text et_pb_bg_layout_light et_pb_module et_flex_module\"><div class=\"et_pb_text_inner\"><p>03<\/p>\n<\/div><\/div>\n\n<div class=\"et_pb_text_14 et_pb_text et_pb_bg_layout_light et_pb_module et_flex_module\"><div class=\"et_pb_text_inner\"><h3>Especializaci\u00f3n y capacidad resolutiva<\/h3>\n<p>Un equipo multidisciplinar que combina criterio profesional, coordinaci\u00f3n y agilidad.<\/p>\n<\/div><\/div>\n<\/div>\n\n<div class=\"et_pb_column_17 et_pb_column et_flex_column et_pb_css_mix_blend_mode_passthrough et_flex_column_1_5 et_flex_column_12_24_tablet et_flex_column_24_24_phone\">\n<div class=\"et_pb_text_15 et_pb_text et_pb_bg_layout_light et_pb_module et_flex_module\"><div class=\"et_pb_text_inner\"><p>04<\/p>\n<\/div><\/div>\n\n<div class=\"et_pb_text_16 et_pb_text et_pb_bg_layout_light et_pb_module et_flex_module\"><div class=\"et_pb_text_inner\"><h3>Continuidad y evoluci\u00f3n<\/h3>\n<p>Experiencia desde 1977 y adaptaci\u00f3n constante a los cambios normativos, tecnol\u00f3gicos y sociales.<\/p>\n<\/div><\/div>\n<\/div>\n\n<div class=\"et_pb_column_18 et_pb_column et-last-child et_flex_column et_pb_column_empty et_pb_css_mix_blend_mode_passthrough et_flex_column_1_5 et_flex_column_12_24_tablet et_flex_column_24_24_phone\"><\/div>\n<\/div>\n<\/div>\n\n<div class=\"et_pb_section_6 et_pb_section et_section_regular et_flex_section\">\n<div class=\"et_pb_row_8 et_pb_row et_flex_row\">\n<div class=\"et_pb_column_19 et_pb_column et_flex_column et_pb_css_mix_blend_mode_passthrough et_flex_column_12_24 et_flex_column_12_24_tablet et_flex_column_24_24_phone\">\n<div class=\"et_pb_text_17 et_pb_text et_pb_bg_layout_light et_pb_module et_flex_module\"><div class=\"et_pb_text_inner\"><p>Gesti\u00f3n integral<\/p>\n<\/div><\/div>\n\n<div class=\"et_pb_text_18 et_pb_text et_pb_bg_layout_light et_pb_module et_flex_module\"><div class=\"et_pb_text_inner\"><h2>Todo lo que necesita un inmueble, coordinado en un mismo equipo<\/h2>\n<p>Grup Solfinc integra distintas \u00e1reas para atender de forma coordinada las necesidades vinculadas a un inmueble o patrimonio.<\/p>\n<p><span style=\"color: #ffffff;\">01. <a href=\"\/es\/administracion-de-comunidades-eixample\/\" style=\"color: #ffffff;\">Administraci\u00f3n de comunidades de propietarios<\/a><\/span><br \/><span style=\"color: #ffffff;\">02. <a href=\"\/es\/administracion-de-alquileres-eixample\/\" style=\"color: #ffffff;\">Gesti\u00f3n de alquileres<\/a><\/span><br \/><span style=\"color: #ffffff;\">03. <a href=\"\/es\/administracion-de-patrimonio-eixample\/\" style=\"color: #ffffff;\">Administraci\u00f3n de patrimonios inmobiliarios<\/a><\/span><br \/><span style=\"color: #ffffff;\">04. <a href=\"\/es\/agencia-inmobiliaria-barcelona\/\" style=\"color: #ffffff;\">Comercializaci\u00f3n de inmuebles en venta y alquiler<\/a><\/span><br \/><span style=\"color: #ffffff;\">05. Asesoramiento jur\u00eddico inmobiliario<\/span><br \/><span style=\"color: #ffffff;\">06. Asesoramiento fiscal y laboral<\/span><br \/><span style=\"color: #ffffff;\">07. <a href=\"\/es\/seguros\/\" style=\"color: #ffffff;\">Mediaci\u00f3n y gesti\u00f3n de seguros<\/a><\/span><br \/><span style=\"color: #ffffff;\">08. Asesoramiento financiero e hipotecario<\/span><\/p>\n<\/div><\/div>\n<\/div>\n\n<div class=\"et_pb_column_20 et_pb_column et-last-child et_flex_column et_pb_css_mix_blend_mode_passthrough et_flex_column_12_24 et_flex_column_12_24_tablet et_flex_column_24_24_phone\">\n<div class=\"et_pb_image_2 et_pb_image et_pb_module et_flex_module\"><span class=\"et_pb_image_wrap\"><img decoding=\"async\" src=\"https:\/\/www.solfinc.com\/wp-content\/uploads\/2026\/08\/equipo.jpg\" alt=\"Equipo\" title=\"Equipo\" width=\"1000\" height=\"668\" srcset=\"https:\/\/www.solfinc.com\/wp-content\/uploads\/2026\/08\/equipo.jpg 1000w, https:\/\/www.solfinc.com\/wp-content\/uploads\/2026\/08\/equipo-980x655.jpg 980w, https:\/\/www.solfinc.com\/wp-content\/uploads\/2026\/08\/equipo-480x321.jpg 480w\" sizes=\"(min-width: 0px) and (max-width: 480px) 480px, (min-width: 481px) and (max-width: 980px) 980px, (min-width: 981px) 1000px, 100vw\" class=\"wp-image-250487\" \/><\/span><\/div>\n<\/div>\n<\/div>\n<\/div>\n\n<div class=\"et_pb_section_7 et_pb_section et_section_regular et_flex_section\">\n<div class=\"et_pb_row_9 et_pb_row et_flex_row\">\n<div class=\"et_pb_column_21 et_pb_column et-last-child et_flex_column et_pb_css_mix_blend_mode_passthrough et_flex_column_24_24 et_flex_column_24_24_tablet et_flex_column_24_24_phone\">\n<div class=\"et_pb_text_19 et_pb_text et_pb_bg_layout_light et_pb_module et_flex_module\"><div class=\"et_pb_text_inner\"><p>Experiencia y especializaci\u00f3n<\/p>\n<\/div><\/div>\n\n<div class=\"et_pb_text_20 et_pb_text et_pb_bg_layout_light et_pb_module et_flex_module\"><div class=\"et_pb_text_inner\"><h2>Profesionalidad acreditada<\/h2>\n<\/div><\/div>\n<\/div>\n<\/div>\n\n<div class=\"et_pb_row_10 et_pb_row et_flex_row\">\n<div class=\"et_pb_column_22 et_pb_column et_flex_column et_pb_css_mix_blend_mode_passthrough et_flex_column_8_24 et_flex_column_8_24_tablet et_flex_column_24_24_phone\">\n<div class=\"et_pb_text_21 et_pb_text et_pb_bg_layout_light et_pb_module et_flex_module\"><div class=\"et_pb_text_inner\"><h3>Administradores de fincas colegiados<\/h3>\n<p>N\u00famero de colegiado: C0005385<\/p>\n<\/div><\/div>\n<\/div>\n\n<div class=\"et_pb_column_23 et_pb_column et_flex_column et_pb_css_mix_blend_mode_passthrough et_flex_column_8_24 et_flex_column_8_24_tablet et_flex_column_24_24_phone\">\n<div class=\"et_pb_text_22 et_pb_text et_pb_bg_layout_light et_pb_module et_flex_module\"><div class=\"et_pb_text_inner\"><h3>Mediaci\u00f3n de seguros<\/h3>\n<p>N\u00ba Reg. DGPFAT AVJ00092GC<\/p>\n<\/div><\/div>\n<\/div>\n\n<div class=\"et_pb_column_24 et_pb_column et-last-child et_flex_column et_pb_css_mix_blend_mode_passthrough et_flex_column_8_24 et_flex_column_8_24_tablet et_flex_column_24_24_phone\">\n<div class=\"et_pb_text_23 et_pb_text et_pb_bg_layout_light et_pb_module et_flex_module\"><div class=\"et_pb_text_inner\"><h3>Registro de agentes inmobiliarios de Catalu\u00f1a<\/h3>\n<p>aicat 367<\/p>\n<\/div><\/div>\n<\/div>\n<\/div>\n<\/div>\n\n<div class=\"et_pb_section_8 et_pb_section et_section_regular et_flex_section\">\n<div class=\"et_pb_row_11 et_pb_row et_flex_row\">\n<div class=\"et_pb_column_25 et_pb_column et_flex_column et_pb_css_mix_blend_mode_passthrough et_flex_column_12_24 et_flex_column_12_24_tablet et_flex_column_24_24_phone\">\n<div class=\"et_pb_image_3 et_pb_image et_pb_module et_flex_module\"><span class=\"et_pb_image_wrap\"><img decoding=\"async\" src=\"https:\/\/www.solfinc.com\/wp-content\/uploads\/2026\/08\/sagrada-familia.jpg\" alt=\"Sagrada Familia\" title=\"Sagrada Familia\" width=\"1000\" height=\"667\" srcset=\"https:\/\/www.solfinc.com\/wp-content\/uploads\/2026\/08\/sagrada-familia.jpg 1000w, https:\/\/www.solfinc.com\/wp-content\/uploads\/2026\/08\/sagrada-familia-980x654.jpg 980w, https:\/\/www.solfinc.com\/wp-content\/uploads\/2026\/08\/sagrada-familia-480x320.jpg 480w\" sizes=\"(min-width: 0px) and (max-width: 480px) 480px, (min-width: 481px) and (max-width: 980px) 980px, (min-width: 981px) 1000px, 100vw\" class=\"wp-image-250493\" \/><\/span><\/div>\n<\/div>\n\n<div class=\"et_pb_column_26 et_pb_column et-last-child et_flex_column et_pb_css_mix_blend_mode_passthrough et_flex_column_12_24 et_flex_column_12_24_tablet et_flex_column_24_24_phone\">\n<div class=\"et_pb_text_24 et_pb_text et_pb_bg_layout_light et_pb_module et_flex_module\"><div class=\"et_pb_text_inner\"><p>Ra\u00edces locales<\/p>\n<\/div><\/div>\n\n<div class=\"et_pb_text_25 et_pb_text et_pb_bg_layout_light et_pb_module et_flex_module\"><div class=\"et_pb_text_inner\"><h2>Barcelona forma parte de nuestra historia<\/h2>\n<p>Nacimos y crecimos en el entorno de la Sagrada Fam\u00edlia, y desde entonces hemos mantenido una fuerte implantaci\u00f3n en el Eixample y en Barcelona.<\/p>\n<p>Conocemos la ciudad, sus barrios y sus comunidades. Esa cercan\u00eda nos permite ofrecer un servicio \u00e1gil, atento y comprometido con las personas y el entorno que nos rodea.<\/p>\n<p>Este compromiso tambi\u00e9n se refleja en el apoyo a entidades vinculadas a nuestro entorno. Un ejemplo es la <a href=\"\/es\/blog\/centre-esportiu-europa-una-union-con-significado\/\">colaboraci\u00f3n con el CE Europa<\/a>, un club con el que compartimos ra\u00edces, identidad local y una estrecha relaci\u00f3n con Barcelona.<\/p>\n<\/div><\/div>\n<\/div>\n<\/div>\n<\/div>\n\n<div class=\"et_pb_section_9 et_pb_section et_section_regular et_flex_section\">\n<div class=\"et_pb_row_12 et_pb_row et_flex_row\">\n<div class=\"et_pb_column_27 et_pb_column et_flex_column et_pb_css_mix_blend_mode_passthrough et_flex_column_12_24 et_flex_column_12_24_tablet et_flex_column_24_24_phone\">\n<div class=\"et_pb_text_26 et_pb_text et_pb_bg_layout_light et_pb_module et_flex_module\"><div class=\"et_pb_text_inner\"><p>Familia y equipo<\/p>\n<\/div><\/div>\n\n<div class=\"et_pb_text_27 et_pb_text et_pb_bg_layout_light et_pb_module et_flex_module\"><div class=\"et_pb_text_inner\"><h2>Dos generaciones. Un mismo compromiso.<\/h2>\n<p>La experiencia de quien inici\u00f3 el camino y la energ\u00eda de nuevas generaciones trabajan juntas con un objetivo com\u00fan: cuidar del patrimonio de nuestros clientes como si fuese nuestro. Esta convivencia entre experiencia y nuevas perspectivas tambi\u00e9n fue el eje de la <a href=\"\/es\/blog\/entrevista-ramon-soler-radio-m2\/\">entrevista a Ram\u00f3n Soler sobre el cambio generacional<\/a>.<\/p>\n<p>Somos m\u00e1s de 30 profesionales especializados y en constante formaci\u00f3n, coordinando conocimiento, experiencia y vocaci\u00f3n de servicio.<\/p>\n<\/div><\/div>\n<\/div>\n\n<div class=\"et_pb_column_28 et_pb_column et-last-child et_flex_column et_pb_css_mix_blend_mode_passthrough et_flex_column_12_24 et_flex_column_12_24_tablet et_flex_column_24_24_phone\">\n<div class=\"et_pb_image_4 et_pb_image et_pb_module et_flex_module\"><span class=\"et_pb_image_wrap\"><img decoding=\"async\" src=\"https:\/\/www.solfinc.com\/wp-content\/uploads\/2026\/08\/equipo-solfinc.jpg\" alt=\"Equipo Solfinc\" title=\"Equipo Solfinc\" width=\"1200\" height=\"900\" srcset=\"https:\/\/www.solfinc.com\/wp-content\/uploads\/2026\/08\/equipo-solfinc.jpg 1200w, https:\/\/www.solfinc.com\/wp-content\/uploads\/2026\/08\/equipo-solfinc-980x735.jpg 980w, https:\/\/www.solfinc.com\/wp-content\/uploads\/2026\/08\/equipo-solfinc-480x360.jpg 480w\" sizes=\"(min-width: 0px) and (max-width: 480px) 480px, (min-width: 481px) and (max-width: 980px) 980px, (min-width: 981px) 1200px, 100vw\" class=\"wp-image-250497\" \/><\/span><\/div>\n<\/div>\n<\/div>\n<\/div>","protected":false},"excerpt":{"rendered":"","protected":false},"author":11,"featured_media":250457,"parent":0,"menu_order":0,"comment_status":"closed","ping_status":"closed","template":"","meta":{"inline_featured_image":false,"footnotes":""},"class_list":["post-250455","page","type-page","status-publish","has-post-thumbnail","hentry"],"yoast_head":"<!-- This site is optimized with the Yoast SEO Premium plugin v28.1 (Yoast SEO v28.3) - https:\/\/yoast.com\/product\/yoast-seo-premium-wordpress\/ -->\n<title>Sobre nosotros | Grup Solfinc<\/title>\n<meta name=\"description\" content=\"Conoce Grup Solfinc, empresa familiar de gesti\u00f3n inmobiliaria en Barcelona desde 1977: comunidades, alquileres, patrimonio, compraventa y seguros.\" \/>\n<meta name=\"robots\" content=\"index, follow, max-snippet:-1, max-image-preview:large, max-video-preview:-1\" \/>\n<link rel=\"canonical\" href=\"https:\/\/www.solfinc.com\/es\/sobre-nosotros\/\" \/>\n<meta property=\"og:locale\" content=\"es_ES\" \/>\n<meta property=\"og:type\" content=\"article\" \/>\n<meta property=\"og:title\" content=\"Sobre nosotros\" \/>\n<meta property=\"og:url\" content=\"https:\/\/www.solfinc.com\/es\/sobre-nosotros\/\" \/>\n<meta property=\"og:site_name\" content=\"Grup Solfinc\" \/>\n<meta property=\"article:publisher\" content=\"https:\/\/www.facebook.com\/GrupSolfinc\" \/>\n<meta property=\"article:modified_time\" content=\"2026-08-31T13:49:15+00:00\" \/>\n<meta property=\"og:image\" content=\"https:\/\/www.solfinc.com\/wp-content\/uploads\/2026\/08\/sobre-solfinc.jpg\" \/>\n\t<meta property=\"og:image:width\" content=\"1200\" \/>\n\t<meta property=\"og:image:height\" content=\"801\" \/>\n\t<meta property=\"og:image:type\" content=\"image\/jpeg\" \/>\n<meta name=\"twitter:card\" content=\"summary_large_image\" \/>\n<meta name=\"twitter:site\" content=\"@grupsolfinc\" \/>\n<meta name=\"twitter:label1\" content=\"Tiempo de lectura\" \/>\n\t<meta name=\"twitter:data1\" content=\"1 minuto\" \/>\n<script type=\"application\/ld+json\" class=\"yoast-schema-graph\">{\"@context\":\"https:\\\/\\\/schema.org\",\"@graph\":[{\"@type\":\"WebPage\",\"@id\":\"https:\\\/\\\/www.solfinc.com\\\/es\\\/sobre-nosotros\\\/\",\"url\":\"https:\\\/\\\/www.solfinc.com\\\/es\\\/sobre-nosotros\\\/\",\"name\":\"Sobre nosotros | Grup Solfinc\",\"isPartOf\":{\"@id\":\"https:\\\/\\\/www.solfinc.com\\\/es\\\/#website\"},\"primaryImageOfPage\":{\"@id\":\"https:\\\/\\\/www.solfinc.com\\\/es\\\/sobre-nosotros\\\/#primaryimage\"},\"image\":{\"@id\":\"https:\\\/\\\/www.solfinc.com\\\/es\\\/sobre-nosotros\\\/#primaryimage\"},\"thumbnailUrl\":\"https:\\\/\\\/www.solfinc.com\\\/wp-content\\\/uploads\\\/2026\\\/08\\\/sobre-solfinc.jpg\",\"datePublished\":\"2026-08-31T07:00:45+00:00\",\"dateModified\":\"2026-08-31T13:49:15+00:00\",\"description\":\"Conoce Grup Solfinc, empresa familiar de gesti\u00f3n inmobiliaria en Barcelona desde 1977: comunidades, alquileres, patrimonio, compraventa y seguros.\",\"breadcrumb\":{\"@id\":\"https:\\\/\\\/www.solfinc.com\\\/es\\\/sobre-nosotros\\\/#breadcrumb\"},\"inLanguage\":\"es\",\"potentialAction\":[{\"@type\":\"ReadAction\",\"target\":[\"https:\\\/\\\/www.solfinc.com\\\/es\\\/sobre-nosotros\\\/\"]}]},{\"@type\":\"ImageObject\",\"inLanguage\":\"es\",\"@id\":\"https:\\\/\\\/www.solfinc.com\\\/es\\\/sobre-nosotros\\\/#primaryimage\",\"url\":\"https:\\\/\\\/www.solfinc.com\\\/wp-content\\\/uploads\\\/2026\\\/08\\\/sobre-solfinc.jpg\",\"contentUrl\":\"https:\\\/\\\/www.solfinc.com\\\/wp-content\\\/uploads\\\/2026\\\/08\\\/sobre-solfinc.jpg\",\"width\":1200,\"height\":801,\"caption\":\"Sobre Solfinc\"},{\"@type\":\"BreadcrumbList\",\"@id\":\"https:\\\/\\\/www.solfinc.com\\\/es\\\/sobre-nosotros\\\/#breadcrumb\",\"itemListElement\":[{\"@type\":\"ListItem\",\"position\":1,\"name\":\"Inicio\",\"item\":\"https:\\\/\\\/www.solfinc.com\\\/es\\\/\"},{\"@type\":\"ListItem\",\"position\":2,\"name\":\"Sobre nosotros\"}]},{\"@type\":\"WebSite\",\"@id\":\"https:\\\/\\\/www.solfinc.com\\\/es\\\/#website\",\"url\":\"https:\\\/\\\/www.solfinc.com\\\/es\\\/\",\"name\":\"Grup Solfinc\",\"description\":\"Administraci\u00f3 de finques a Barcelona\",\"potentialAction\":[{\"@type\":\"SearchAction\",\"target\":{\"@type\":\"EntryPoint\",\"urlTemplate\":\"https:\\\/\\\/www.solfinc.com\\\/es\\\/?s={search_term_string}\"},\"query-input\":{\"@type\":\"PropertyValueSpecification\",\"valueRequired\":true,\"valueName\":\"search_term_string\"}}],\"inLanguage\":\"es\"},{\"@type\":\"ImageObject\",\"inLanguage\":\"es\",\"@id\":\"https:\\\/\\\/www.solfinc.com\\\/es\\\/sobre-nosotros\\\/#local-main-organization-logo\",\"url\":\"\",\"contentUrl\":\"\",\"caption\":\"Solfinc\"}]}<\/script>\n<!-- \/ Yoast SEO Premium plugin. -->","yoast_head_json":{"title":"Sobre nosotros | Grup Solfinc","description":"Conoce Grup Solfinc, empresa familiar de gesti\u00f3n inmobiliaria en Barcelona desde 1977: comunidades, alquileres, patrimonio, compraventa y seguros.","robots":{"index":"index","follow":"follow","max-snippet":"max-snippet:-1","max-image-preview":"max-image-preview:large","max-video-preview":"max-video-preview:-1"},"canonical":"https:\/\/www.solfinc.com\/es\/sobre-nosotros\/","og_locale":"es_ES","og_type":"article","og_title":"Sobre nosotros","og_url":"https:\/\/www.solfinc.com\/es\/sobre-nosotros\/","og_site_name":"Grup Solfinc","article_publisher":"https:\/\/www.facebook.com\/GrupSolfinc","article_modified_time":"2026-08-31T13:49:15+00:00","og_image":[{"width":1200,"height":801,"url":"https:\/\/www.solfinc.com\/wp-content\/uploads\/2026\/08\/sobre-solfinc.jpg","type":"image\/jpeg"}],"twitter_card":"summary_large_image","twitter_site":"@grupsolfinc","twitter_misc":{"Tiempo de lectura":"1 minuto"},"schema":{"@context":"https:\/\/schema.org","@graph":[{"@type":"WebPage","@id":"https:\/\/www.solfinc.com\/es\/sobre-nosotros\/","url":"https:\/\/www.solfinc.com\/es\/sobre-nosotros\/","name":"Sobre nosotros | Grup Solfinc","isPartOf":{"@id":"https:\/\/www.solfinc.com\/es\/#website"},"primaryImageOfPage":{"@id":"https:\/\/www.solfinc.com\/es\/sobre-nosotros\/#primaryimage"},"image":{"@id":"https:\/\/www.solfinc.com\/es\/sobre-nosotros\/#primaryimage"},"thumbnailUrl":"https:\/\/www.solfinc.com\/wp-content\/uploads\/2026\/08\/sobre-solfinc.jpg","datePublished":"2026-08-31T07:00:45+00:00","dateModified":"2026-08-31T13:49:15+00:00","description":"Conoce Grup Solfinc, empresa familiar de gesti\u00f3n inmobiliaria en Barcelona desde 1977: comunidades, alquileres, patrimonio, compraventa y seguros.","breadcrumb":{"@id":"https:\/\/www.solfinc.com\/es\/sobre-nosotros\/#breadcrumb"},"inLanguage":"es","potentialAction":[{"@type":"ReadAction","target":["https:\/\/www.solfinc.com\/es\/sobre-nosotros\/"]}]},{"@type":"ImageObject","inLanguage":"es","@id":"https:\/\/www.solfinc.com\/es\/sobre-nosotros\/#primaryimage","url":"https:\/\/www.solfinc.com\/wp-content\/uploads\/2026\/08\/sobre-solfinc.jpg","contentUrl":"https:\/\/www.solfinc.com\/wp-content\/uploads\/2026\/08\/sobre-solfinc.jpg","width":1200,"height":801,"caption":"Sobre Solfinc"},{"@type":"BreadcrumbList","@id":"https:\/\/www.solfinc.com\/es\/sobre-nosotros\/#breadcrumb","itemListElement":[{"@type":"ListItem","position":1,"name":"Inicio","item":"https:\/\/www.solfinc.com\/es\/"},{"@type":"ListItem","position":2,"name":"Sobre nosotros"}]},{"@type":"WebSite","@id":"https:\/\/www.solfinc.com\/es\/#website","url":"https:\/\/www.solfinc.com\/es\/","name":"Grup Solfinc","description":"Administraci\u00f3 de finques a Barcelona","potentialAction":[{"@type":"SearchAction","target":{"@type":"EntryPoint","urlTemplate":"https:\/\/www.solfinc.com\/es\/?s={search_term_string}"},"query-input":{"@type":"PropertyValueSpecification","valueRequired":true,"valueName":"search_term_string"}}],"inLanguage":"es"},{"@type":"ImageObject","inLanguage":"es","@id":"https:\/\/www.solfinc.com\/es\/sobre-nosotros\/#local-main-organization-logo","url":"","contentUrl":"","caption":"Solfinc"}]}},"_links":{"self":[{"href":"https:\/\/www.solfinc.com\/es\/wp-json\/wp\/v2\/pages\/250455","targetHints":{"allow":["GET"]}}],"collection":[{"href":"https:\/\/www.solfinc.com\/es\/wp-json\/wp\/v2\/pages"}],"about":[{"href":"https:\/\/www.solfinc.com\/es\/wp-json\/wp\/v2\/types\/page"}],"author":[{"embeddable":true,"href":"https:\/\/www.solfinc.com\/es\/wp-json\/wp\/v2\/users\/11"}],"replies":[{"embeddable":true,"href":"https:\/\/www.solfinc.com\/es\/wp-json\/wp\/v2\/comments?post=250455"}],"version-history":[{"count":11,"href":"https:\/\/www.solfinc.com\/es\/wp-json\/wp\/v2\/pages\/250455\/revisions"}],"predecessor-version":[{"id":250528,"href":"https:\/\/www.solfinc.com\/es\/wp-json\/wp\/v2\/pages\/250455\/revisions\/250528"}],"wp:featuredmedia":[{"embeddable":true,"href":"https:\/\/www.solfinc.com\/es\/wp-json\/wp\/v2\/media\/250457"}],"wp:attachment":[{"href":"https:\/\/www.solfinc.com\/es\/wp-json\/wp\/v2\/media?parent=250455"}],"curies":[{"name":"wp","href":"https:\/\/api.w.org\/{rel}","templated":true}]}}