{"id":58162,"date":"2020-12-22T10:18:22","date_gmt":"2020-12-22T09:18:22","guid":{"rendered":"https:\/\/solfinc.com\/?page_id=58162"},"modified":"2026-08-31T10:13:18","modified_gmt":"2026-08-31T08:13:18","slug":"inicio","status":"publish","type":"page","link":"https:\/\/www.solfinc.com\/es\/","title":{"rendered":"Administradores de fincas en Barcelona"},"content":{"rendered":"<div class=\"et_pb_section_0 et_pb_section et_pb_fullwidth_section et_section_regular et_block_section\">\n<div class=\"et_pb_fullwidth_slider_0 et_pb_slider et_pb_slider_no_arrows et_pb_slider_no_pagination et_pb_module\"><div class=\"et_pb_slides\">\n<div class=\"et_pb_slide_0 et_pb_slide et_pb_slider_with_overlay et_pb_media_alignment_center et_pb_bg_layout_dark et_pb_text_align_center\" data-slide-id=\"divi\/slide-0\"><div class=\"et_pb_slide_overlay_container\"><\/div><div class=\"et_pb_container\"><div class=\"et_pb_slider_container_inner\"><div class=\"et_pb_slide_description\"><h1 class=\"et_pb_slide_title\"><\/h1><div class=\"et_pb_slide_content\"><h1 class=\"et_pb_slide_title\">Administrador de fincas en Barcelona<\/h1>\n<p>Desde 1977, administramos fincas en Barcelona con la confianza de m\u00e1s de 250 comunidades y 7.000 viviendas gestionadas.<\/p>\n<\/div><div class=\"et_pb_button_wrapper\"><a class=\"et_pb_button et_pb_more_button\" href=\"https:\/\/www.solfinc.com\/contacte\/\">Solicitar presupuesto de administraci\u00f3n<\/a><\/div><\/div><\/div><\/div><\/div>\n<\/div><\/div>\n<\/div>\n\n<div class=\"et_pb_section_1 et_pb_section et_section_regular et_block_section\">\n<div class=\"et_pb_row_0 et_pb_row et_block_row\">\n<div class=\"et_pb_column_0 et_pb_column et_pb_column_4_4 et-last-child et_block_column et_pb_css_mix_blend_mode_passthrough\">\n<div class=\"et_pb_text_0 et_pb_text et_pb_bg_layout_light et_pb_module et_block_module et_pb_text_align_center\"><div class=\"et_pb_text_inner\"><p>Los <span style=\"color: #a0cf67;\">servicios<\/span> de Grup Solfinc<\/p>\n<\/div><\/div>\n\n<div class=\"et_pb_text_1 et_pb_text et_pb_bg_layout_light et_pb_module et_block_module et_pb_text_align_center et_pb_text_align_center-tablet et_pb_text_align_justified-phone\"><div class=\"et_pb_text_inner\"><p>Situados en <strong>Plaza de la Sagrada Familia<\/strong> (Barcelona), en Grup Solfinc nos caracterizamos por ser un equipo de profesionales con mucha experiencia como <strong>administrador de fincas en Barcelona<\/strong>. Nuestra empresa ofrece servicios de <span style=\"color: #a0cf67;\"><a href=\"https:\/\/www.solfinc.com\/es\/administracion-de-comunidades-eixample\/\" style=\"color: #a0cf67;\"><strong>administraci\u00f3n de comunidades en Barcelona<\/strong><\/a><\/span>, <a href=\"https:\/\/www.solfinc.com\/es\/administracion-de-alquileres-eixample\/\"><span style=\"color: #a0cf67;\"><strong>gesti\u00f3n de alquiler de inmuebles<\/strong><\/span><\/a> y <strong>compra venta de propiedades<\/strong> a trav\u00e9s de nuestra <span style=\"color: #a0cf67;\"><strong><a href=\"https:\/\/www.solfinc.com\/es\/agencia-inmobiliaria-barcelona\/\" style=\"color: #a0cf67;\">agencia inmobiliaria<\/a><\/strong><\/span>.<\/p>\n<p>Contamos con una amplia experiencia en el sector, siendo referencia en barrios como el Eixample, Sagrada Familia y Gracia, entre otros. En Solfinc, cubrimos todas tus necesidades y <strong>te invitamos a conocer nuestros servicios<\/strong> solicitando informaci\u00f3n sin compromiso.<\/p>\n<p>Somos un administrador de fincas colegiado.<\/p>\n<\/div><\/div>\n\n<div class=\"et_pb_module et_pb_button_module_wrapper et_pb_button_0_wrapper\"><a class=\"et_pb_button_0 et_pb_button et_pb_bg_layout_light et_pb_module et_block_module\" href=\"https:\/\/www.solfinc.com\/contacte\/\">Preg\u00fantanos<\/a><\/div>\n<\/div>\n<\/div>\n\n<div class=\"et_pb_row_1 et_pb_row et_pb_row_4col et_pb_equal_columns et_pb_gutters2 et_block_row et_block_row_4col\">\n<div class=\"et_pb_column_1 et_pb_column et_pb_column_1_4 et_block_column et_pb_css_mix_blend_mode_passthrough\">\n<div class=\"et_pb_text_2 et_pb_text et_pb_bg_layout_light et_pb_module et_block_module\"><div class=\"et_pb_text_inner\"><h2><a href=\"https:\/\/www.solfinc.com\/es\/administracion-de-comunidades-eixample\/\">Administraci\u00f3n de comunidades<\/a><\/h2>\n<\/div><\/div>\n\n<div class=\"et_pb_image_0 et_pb_image et_pb_module et_block_module\"><span class=\"et_pb_image_wrap\"><img decoding=\"async\" src=\"https:\/\/www.solfinc.com\/wp-content\/uploads\/2024\/09\/administracion-comunidades-solfinc.jpg\" width=\"400\" height=\"329\" srcset=\"https:\/\/www.solfinc.com\/wp-content\/uploads\/2024\/09\/administracion-comunidades-solfinc.jpg 400w, https:\/\/www.solfinc.com\/wp-content\/uploads\/2024\/09\/administracion-comunidades-solfinc-365x300.jpg 365w\" sizes=\"(max-width: 400px) 100vw, 400px\" class=\"wp-image-198502\" alt=\"Administraci\u00f3n de comunidades de vecinos\" title=\"administracion-comunidades-solfinc\" \/><\/span><\/div>\n\n<div class=\"et_pb_module et_pb_button_module_wrapper et_pb_button_1_wrapper\"><a class=\"et_pb_button_1 et_pb_button et_pb_bg_layout_light et_pb_module et_block_module\" href=\"https:\/\/www.solfinc.com\/administracio-comunitats-eixample\/\">Comunidades<\/a><\/div>\n<\/div>\n\n<div class=\"et_pb_column_2 et_pb_column et_pb_column_1_4 et_block_column et_pb_css_mix_blend_mode_passthrough\">\n<div class=\"et_pb_text_3 et_pb_text et_pb_bg_layout_light et_pb_module et_block_module\"><div class=\"et_pb_text_inner\"><h2><a href=\"https:\/\/www.solfinc.com\/es\/administracion-de-alquileres-eixample\/\">Gesti\u00f3n de alquileres<\/a><\/h2>\n<\/div><\/div>\n\n<div class=\"et_pb_image_1 et_pb_image et_pb_module et_block_module\"><span class=\"et_pb_image_wrap\"><img decoding=\"async\" src=\"https:\/\/www.solfinc.com\/wp-content\/uploads\/2022\/05\/administracion-alquileres-solfinc.jpg\" width=\"210\" height=\"173\" srcset=\"https:\/\/www.solfinc.com\/wp-content\/uploads\/2022\/05\/administracion-alquileres-solfinc.jpg 210w\" sizes=\"(max-width: 210px) 100vw, 210px\" class=\"wp-image-127177\" alt=\"Servici\u00f3n de gesti\u00f3n alquiler\" title=\"Administraci\u00f3n alquileres Solfinc\" \/><\/span><\/div>\n\n<div class=\"et_pb_module et_pb_button_module_wrapper et_pb_button_2_wrapper\"><a class=\"et_pb_button_2 et_pb_button et_pb_bg_layout_light et_pb_module et_block_module\" href=\"https:\/\/www.solfinc.com\/administracio-lloguers-eixample\/\">Alquileres<\/a><\/div>\n<\/div>\n\n<div class=\"et_pb_column_3 et_pb_column et_pb_column_1_4 et_block_column et_pb_css_mix_blend_mode_passthrough\">\n<div class=\"et_pb_text_4 et_pb_text et_pb_bg_layout_light et_clickable et_pb_module et_block_module\"><div class=\"et_pb_text_inner\"><h2><a href=\"https:\/\/www.solfinc.com\/es\/agencia-inmobiliaria-barcelona\/\">Agencia inmobiliaria<\/a><\/h2>\n<\/div><\/div>\n\n<div class=\"et_pb_image_2 et_pb_image et_pb_module et_block_module\"><span class=\"et_pb_image_wrap\"><img decoding=\"async\" src=\"https:\/\/www.solfinc.com\/wp-content\/uploads\/2022\/05\/administracion-patrimonio-solfinc.jpg\" width=\"210\" height=\"173\" srcset=\"https:\/\/www.solfinc.com\/wp-content\/uploads\/2022\/05\/administracion-patrimonio-solfinc.jpg 210w\" sizes=\"(max-width: 210px) 100vw, 210px\" class=\"wp-image-127189\" title=\"Administraci\u00f3n patrimonio - Solfinc\" \/><\/span><\/div>\n\n<div class=\"et_pb_module et_pb_button_module_wrapper et_pb_button_3_wrapper\"><a class=\"et_pb_button_3 et_pb_button et_pb_bg_layout_light et_pb_module et_block_module\" href=\"https:\/\/www.solfinc.com\/es\/agencia-inmobiliaria-barcelona\/\">Inmobiliaria<\/a><\/div>\n<\/div>\n\n<div class=\"et_pb_column_4 et_pb_column et_pb_column_1_4 et-last-child et_block_column et_pb_css_mix_blend_mode_passthrough\">\n<div class=\"et_pb_text_5 et_pb_text et_pb_bg_layout_light et_clickable et_pb_module et_block_module\"><div class=\"et_pb_text_inner\"><h2><a href=\"https:\/\/www.solfinc.com\/es\/seguros\/\">Seguros<\/a><\/h2>\n<\/div><\/div>\n\n<div class=\"et_pb_image_3 et_pb_image et_pb_module et_block_module\"><span class=\"et_pb_image_wrap\"><img decoding=\"async\" src=\"https:\/\/www.solfinc.com\/wp-content\/uploads\/2024\/01\/Seguros-Solfinc.jpg\" width=\"400\" height=\"329\" srcset=\"https:\/\/www.solfinc.com\/wp-content\/uploads\/2024\/01\/Seguros-Solfinc.jpg 400w, https:\/\/www.solfinc.com\/wp-content\/uploads\/2024\/01\/Seguros-Solfinc-365x300.jpg 365w\" sizes=\"(max-width: 400px) 100vw, 400px\" class=\"wp-image-187312\" alt=\"Seguros Solfinc\" title=\"Seguros Solfinc\" \/><\/span><\/div>\n\n<div class=\"et_pb_module et_pb_button_module_wrapper et_pb_button_4_wrapper\"><a class=\"et_pb_button_4 et_pb_button et_pb_bg_layout_light et_pb_module et_block_module\" href=\"https:\/\/www.solfinc.com\/assegurances\/\">Seguros<\/a><\/div>\n<\/div>\n<\/div>\n\n<div class=\"et_pb_row_2 et_pb_row et_pb_equal_columns et_pb_gutters2 et_block_row\">\n<div class=\"et_pb_column_5 et_pb_column et_pb_column_3_5 et_block_column et_pb_css_mix_blend_mode_passthrough\">\n<div class=\"et_pb_text_6 et_pb_text et_pb_bg_layout_light et_pb_module et_block_module et_pb_text_align_justified\"><div class=\"et_pb_text_inner\"><p>Grup Solfinc es una empresa familiar con <strong>gran experiencia<\/strong> en el <strong>servicio de administraci\u00f3n de fincas<\/strong>, adem\u00e1s de ejercer como\u00a0<a href=\"https:\/\/www.solfinc.com\/es\/administracion-de-patrimonio-eixample\/\">asesor patrimonial en Barcelona<\/a>. Esta trayectoria se puede conocer con m\u00e1s detalle en la <a href=\"\/es\/sobre-nosotros\/\">historia de Grup Solfinc<\/a>. Nuestro equipo de profesionales conoce a la perfecci\u00f3n el <strong>mercado inmobiliario de Barcelona<\/strong> y de su zona metropolitana, logrando que <strong>los clientes sean los protagonistas<\/strong> y acierten con su elecci\u00f3n tanto en terrenos r\u00fasticos como urbanos.<\/p>\n<p>Algo que caracteriza a nuestra empresa, y la diferencia en nuestra profesi\u00f3n, es nuestro objetivo principal: <strong>ganarnos tu confianza<\/strong>. Para ello cuidamos al m\u00e1ximo <strong>la calidad de nuestras instalaciones y servicios<\/strong>. Aunque la experiencia nos dice que esto se consigue con <strong>transparencia<\/strong> a la hora de gestionar algo tan importante como son los <strong>bienes inmuebles<\/strong>, ya sean propiedades horizontales (gesti\u00f3n de comunidades de propietarios o comunidades de vecinos) o verticales (arrendamiento).<\/p>\n<\/div><\/div>\n<\/div>\n\n<div class=\"et_pb_column_6 et_pb_column et_pb_column_2_5 et-last-child et_block_column et_pb_css_mix_blend_mode_passthrough\">\n<div class=\"et_pb_video_0 et_pb_video et_pb_module et_block_module\"><div class=\"et_pb_video_box\"><iframe loading=\"lazy\" title=\"Grup Solfinc, qui som?\" width=\"1080\" height=\"608\" src=\"https:\/\/www.youtube.com\/embed\/Py3s-Oh-Jns?feature=oembed\"  allow=\"accelerometer; autoplay; clipboard-write; encrypted-media; gyroscope; picture-in-picture; web-share\" referrerpolicy=\"strict-origin-when-cross-origin\" allowfullscreen><\/iframe><\/div><\/div>\n<\/div>\n<\/div>\n\n<div class=\"et_pb_row_3 et_pb_row et_block_row\">\n<div class=\"et_pb_column_7 et_pb_column et_pb_column_4_4 et-last-child et_block_column et_pb_css_mix_blend_mode_passthrough\">\n<div class=\"et_pb_module et_pb_button_module_wrapper et_pb_button_5_wrapper\"><a class=\"et_pb_button_5 et_pb_button et_pb_bg_layout_light et_pb_module et_block_module\" href=\"https:\/\/maps.app.goo.gl\/1jaw9tvfGvAdMvLH6\">C\u00f3mo llegar a nuestras oficinas<\/a><\/div>\n\n<div class=\"et_pb_text_7 et_pb_text et_pb_bg_layout_light et_pb_module et_block_module et_pb_text_align_center\"><div class=\"et_pb_text_inner\"><h2><span style=\"color: #a0cf67;\">Grup Solfinc<\/span> en cifras<\/h2>\n<p>Desde 1977 gestionando inmuebles<\/p>\n<\/div><\/div>\n<\/div>\n<\/div>\n\n<div class=\"et_pb_row_4 et_pb_row et_pb_row_4col et_block_row et_block_row_4col\">\n<div class=\"et_pb_column_8 et_pb_column et_pb_column_1_4 et_block_column et_pb_css_mix_blend_mode_passthrough\">\n<div class=\"et_pb_icon_0 et_pb_icon et_pb_module et_block_module\"><span class=\"et_pb_icon_wrap\"><span class=\"et-pb-icon\">\ue0ef<\/span><\/span><\/div>\n\n<div class=\"et_pb_number_counter_0 et_pb_number_counter et_pb_bg_layout_light et_pb_text_align_center et_pb_with_title et_pb_module et_block_module\"><div class=\"percent\"><p><span class=\"percent-value\"><\/span><span class=\"percent-sign\"><\/span><\/p><\/div><h3 class=\"title\">Comunidades administradas<\/h3><\/div>\n<\/div>\n\n<div class=\"et_pb_column_9 et_pb_column et_pb_column_1_4 et_block_column et_pb_css_mix_blend_mode_passthrough\">\n<div class=\"et_pb_icon_1 et_pb_icon et_pb_module et_block_module\"><span class=\"et_pb_icon_wrap\"><span class=\"et-pb-icon\">\ue001<\/span><\/span><\/div>\n\n<div class=\"et_pb_number_counter_1 et_pb_number_counter et_pb_bg_layout_light et_pb_text_align_center et_pb_with_title et_pb_module et_block_module\"><div class=\"percent\"><p><span class=\"percent-value\"><\/span><span class=\"percent-sign\"><\/span><\/p><\/div><h3 class=\"title\">Viviendas administradas<\/h3><\/div>\n<\/div>\n\n<div class=\"et_pb_column_10 et_pb_column et_pb_column_1_4 et_block_column et_pb_css_mix_blend_mode_passthrough\">\n<div class=\"et_pb_icon_2 et_pb_icon et_pb_module et_block_module\"><span class=\"et_pb_icon_wrap\"><span class=\"et-pb-icon\">\ue101<\/span><\/span><\/div>\n\n<div class=\"et_pb_number_counter_2 et_pb_number_counter et_pb_bg_layout_light et_pb_text_align_center et_pb_with_title et_pb_module et_block_module\"><div class=\"percent\"><p><span class=\"percent-value\"><\/span><span class=\"percent-sign\"><\/span><\/p><\/div><h3 class=\"title\">Viviendas vendidas y alquiladas<\/h3><\/div>\n<\/div>\n\n<div class=\"et_pb_column_11 et_pb_column et_pb_column_1_4 et-last-child et_block_column et_pb_css_mix_blend_mode_passthrough\">\n<div class=\"et_pb_icon_3 et_pb_icon et_pb_module et_block_module\"><span class=\"et_pb_icon_wrap\"><span class=\"et-pb-icon\">\ue100<\/span><\/span><\/div>\n\n<div class=\"et_pb_number_counter_3 et_pb_number_counter et_pb_bg_layout_light et_pb_text_align_center et_pb_with_title et_pb_module et_block_module\"><div class=\"percent\"><p><span class=\"percent-value\"><\/span><span class=\"percent-sign\"><\/span><\/p><\/div><h3 class=\"title\">Patrimonios administrados<\/h3><\/div>\n<\/div>\n<\/div>\n\n<div class=\"et_pb_row_5 et_pb_row et_pb_equal_columns et_pb_gutters2 et_block_row\">\n<div class=\"et_pb_column_12 et_pb_column et_pb_column_4_4 et-last-child et_block_column et_pb_css_mix_blend_mode_passthrough\">\n<div class=\"et_pb_text_8 et_pb_text et_pb_bg_layout_light et_pb_module et_block_module et_pb_text_align_justified\"><div class=\"et_pb_text_inner\"><p>En una ciudad din\u00e1mica como Barcelona, contar con <strong>administradores de fincas expertos<\/strong> es clave para gestionar cada inmueble con orden, seguridad y visi\u00f3n estrat\u00e9gica. Desde comunidades de propietarios hasta edificios, viviendas, locales, parkings, alquileres o patrimonios inmobiliarios, una buena administraci\u00f3n permite optimizar la gesti\u00f3n diaria, resolver incidencias con agilidad y proteger el valor de cada propiedad.<\/p>\n<p>La transparencia y la experiencia en el sector inmobiliario son elementos comunes que hacen que, a d\u00eda de hoy, se nos considere como<strong>\u00a0uno de los mejores administradores de fincas de Barcelona<\/strong>.<\/p>\n<p>Para <strong>conocer m\u00e1s nuestros servicios<\/strong> en administraci\u00f3n y gesti\u00f3n de propiedades o valorar los precios de un administrador de fincas en Barcelona u otros servicios, puede visitar nuestras oficinas, llamar por tel\u00e9fono o contactar mediante el formulario de nuestra web (puedes pedir el presupuesto de administraci\u00f3n de fincas por cualquiera de las v\u00edas). Nuestro <strong>equipo de profesionales estar\u00e1 encantado de ayudarte con la administraci\u00f3n y asesoramiento de su finca<\/strong>. Y buscar\u00e1, en todo momento, conseguir la m\u00e1xima rentabilidad.<\/p>\n<\/div><\/div>\n<\/div>\n<\/div>\n\n<div class=\"et_pb_row_6 et_pb_row et_block_row\">\n<div class=\"et_pb_column_13 et_pb_column et_pb_column_1_3 et_block_column et_pb_css_mix_blend_mode_passthrough\">\n<div class=\"et_pb_blurb_0 et_pb_blurb et_pb_bg_layout_light et_pb_text_align_center et_pb_blurb_position_top et_pb_module et_block_module\"><div class=\"et_pb_blurb_content\"><div class=\"et_pb_main_blurb_image et_animated\"><span class=\"et_pb_image_wrap\"><span class=\"et-pb-icon\">\uf0ae<\/span><\/span><\/div><div class=\"et_pb_blurb_container\"><h3 class=\"et_pb_module_header\">Gesti\u00f3n Integral<\/h3><div class=\"et_pb_blurb_description\"><p>Ofrecemos asesoramiento y gestion integral de tus inmuebles.<\/p>\n<\/div><\/div><\/div><\/div>\n<\/div>\n\n<div class=\"et_pb_column_14 et_pb_column et_pb_column_1_3 et_block_column et_pb_css_mix_blend_mode_passthrough\">\n<div class=\"et_pb_blurb_1 et_pb_blurb et_pb_bg_layout_light et_pb_text_align_center et_pb_blurb_position_top et_pb_module et_block_module\"><div class=\"et_pb_blurb_content\"><div class=\"et_pb_main_blurb_image et_animated\"><span class=\"et_pb_image_wrap\"><span class=\"et-pb-icon\">\uf64f<\/span><\/span><\/div><div class=\"et_pb_blurb_container\"><h3 class=\"et_pb_module_header\">Soluciones<\/h3><div class=\"et_pb_blurb_description\"><p>Te ayudamos a encontrar la mejor soluci\u00f3n a tus necesidades.<\/p>\n<\/div><\/div><\/div><\/div>\n<\/div>\n\n<div class=\"et_pb_column_15 et_pb_column et_pb_column_1_3 et-last-child et_block_column et_pb_css_mix_blend_mode_passthrough\">\n<div class=\"et_pb_blurb_2 et_pb_blurb et_pb_bg_layout_light et_pb_text_align_center et_pb_blurb_position_top et_pb_module et_block_module\"><div class=\"et_pb_blurb_content\"><div class=\"et_pb_main_blurb_image et_animated\"><span class=\"et_pb_image_wrap\"><span class=\"et-pb-icon\">\ue068<\/span><\/span><\/div><div class=\"et_pb_blurb_container\"><h3 class=\"et_pb_module_header\">Confianza<\/h3><div class=\"et_pb_blurb_description\"><p>Nuestro objetivo es ganarnos tu confianza d\u00eda tras d\u00eda.<\/p>\n<\/div><\/div><\/div><\/div>\n<\/div>\n<\/div>\n<\/div>\n\n<div class=\"et_pb_section_2 et_pb_section et_section_regular et_block_section\">\n<div class=\"et_pb_row_7 et_pb_row et_block_row\">\n<div class=\"et_pb_column_16 et_pb_column et_pb_column_4_4 et-last-child et_block_column et_pb_css_mix_blend_mode_passthrough\">\n<div class=\"et_pb_text_9 et_pb_text et_pb_bg_layout_light et_pb_module et_block_module\"><div class=\"et_pb_text_inner\"><h2 style=\"text-align: center;\">Administramos m\u00e1s de 250 fincas en estos y m\u00e1s barrios.<\/h2>\n<\/div><\/div>\n<\/div>\n<\/div>\n\n<div class=\"et_pb_row_8 et_pb_row et_pb_row_5col et_block_row et_block_row_5col\">\n<div class=\"et_pb_column_17 et_pb_column et_pb_column_1_5 et_block_column et_pb_css_mix_blend_mode_passthrough\">\n<div class=\"et_pb_cta_0 et_pb_promo et_pb_bg_layout_dark et_pb_module et_block_module\"><div class=\"et_pb_promo_description\"><h3 class=\"et_pb_module_header\">Administradores de fincas en Eixample<\/h3><\/div><\/div>\n<\/div>\n\n<div class=\"et_pb_column_18 et_pb_column et_pb_column_1_5 et_block_column et_pb_css_mix_blend_mode_passthrough\">\n<div class=\"et_pb_cta_1 et_pb_promo et_pb_bg_layout_dark et_pb_module et_block_module\"><div class=\"et_pb_promo_description\"><h3 class=\"et_pb_module_header\">Administradores de fincas en Sant Mart\u00ed<\/h3><\/div><\/div>\n<\/div>\n\n<div class=\"et_pb_column_19 et_pb_column et_pb_column_1_5 et_block_column et_pb_css_mix_blend_mode_passthrough\">\n<div class=\"et_pb_cta_2 et_pb_promo et_pb_bg_layout_dark et_pb_module et_block_module\"><div class=\"et_pb_promo_description\"><h3 class=\"et_pb_module_header\">Administradores de fincas en Sarri\u00e0 - Sant Gervasi<\/h3><\/div><\/div>\n<\/div>\n\n<div class=\"et_pb_column_20 et_pb_column et_pb_column_1_5 et_block_column et_pb_css_mix_blend_mode_passthrough\">\n<div class=\"et_pb_cta_3 et_pb_promo et_pb_bg_layout_dark et_pb_module et_block_module\"><div class=\"et_pb_promo_description\"><h3 class=\"et_pb_module_header\">Administradores de fincas en Horta-Guinard\u00f3<\/h3><\/div><\/div>\n<\/div>\n\n<div class=\"et_pb_column_21 et_pb_column et_pb_column_1_5 et-last-child et_block_column et_pb_css_mix_blend_mode_passthrough\">\n<div class=\"et_pb_cta_4 et_pb_promo et_pb_bg_layout_dark et_pb_module et_block_module\"><div class=\"et_pb_promo_description\"><h3 class=\"et_pb_module_header\">Administradores de fincas en Gr\u00e0cia<\/h3><\/div><\/div>\n<\/div>\n<\/div>\n<\/div>\n\n\n\n<div class=\"et_pb_section_4 et_pb_section et_section_regular et_block_section\">\n<div class=\"et_pb_row_10 et_pb_row et_block_row\">\n<div class=\"et_pb_column_23 et_pb_column et_pb_column_1_2 et_block_column et_pb_css_mix_blend_mode_passthrough\">\n<div class=\"et_pb_text_12 et_pb_text et_pb_bg_layout_light et_pb_module et_block_module\"><div class=\"et_pb_text_inner\"><h3>\u00bfQuieres saber cu\u00e1nto vale tu piso?<\/h3>\n<p>&nbsp;<\/p>\n<p>En Grupo Solfinc estamos especializados en la valoraci\u00f3n de inmuebles en Barcelona, conoce el valor de tu piso, tanto de venta como de alquiler.<strong> Cont\u00e1ctanos y te haremos una valoraci\u00f3n gratuita.<\/strong><\/p>\n<\/div><\/div>\n\n<div class=\"et_pb_module et_pb_button_module_wrapper et_pb_button_7_wrapper\"><a class=\"et_pb_button_7 et_pb_button et_pb_bg_layout_light et_pb_module et_block_module\" href=\"https:\/\/www.solfinc.com\/valorem-el-teu-pis\/\">Quiero valorar mi piso<\/a><\/div>\n<\/div>\n\n<div class=\"et_pb_column_24 et_pb_column et_pb_column_1_2 et-last-child et_block_column et_pb_column_empty et_pb_css_mix_blend_mode_passthrough\"><\/div>\n<\/div>\n<\/div>\n\n<div class=\"et_pb_section_5 et_pb_section et_section_regular et_block_section\">\n<div class=\"et_pb_row_11 et_pb_row et_pb_equal_columns et_block_row\">\n<div class=\"et_pb_column_25 et_pb_column et_pb_column_4_4 et-last-child et_block_column et_pb_css_mix_blend_mode_passthrough\">\n<div class=\"et_pb_code_0 et_pb_code et_pb_module\"><div class=\"et_pb_code_inner\"><style>\n.solfinc-faq {\n  max-width: 1680px;\n  margin: 0 auto;\n  padding: 40px 24px;\n  color: #2a2b26;\n  font-family: \"DM Sans\", Arial, sans-serif;\n  box-sizing: border-box;\n}\n\n.solfinc-faq *,\n.solfinc-faq *::before,\n.solfinc-faq *::after {\n  box-sizing: border-box;\n}\n\n\/* T\u00edtulo principal *\/\n.solfinc-faq .solfinc-faq-title {\n  margin: 0 !important;\n  padding: 0 !important;\n  color: #2a2b26;\n  font-size: clamp(38px, 4vw, 58px);\n  font-weight: 700;\n  line-height: 1.2;\n  text-align: center;\n}\n\n\/* L\u00ednea verde bajo el t\u00edtulo *\/\n.solfinc-faq > hr {\n  width: 95px;\n  height: 5px;\n  margin: 34px auto 44px;\n  padding: 0;\n  border: 0;\n  border-radius: 10px;\n  background-color: #a0cf67;\n}\n\n\/* Cada pregunta *\/\n.solfinc-faq > div[itemtype=\"https:\/\/schema.org\/Question\"] {\n  margin: 0 0 16px;\n  overflow: hidden;\n  background-color: #ffffff;\n  border: 1px solid rgba(160, 207, 103, 0.4);\n  border-radius: 22px;\n  box-shadow: 0 10px 30px rgba(42, 43, 38, 0.06);\n}\n\n\/* T\u00edtulos de las preguntas *\/\n.solfinc-faq .solfinc-faq-question {\n  position: relative;\n  display: flex;\n  align-items: center;\n  min-height: 88px;\n  margin: 0 !important;\n  padding: 24px 85px 24px 30px !important;\n  color: #2a2b26;\n  font-size: clamp(20px, 1.6vw, 27px);\n  font-weight: 700;\n  line-height: 1.3;\n  cursor: pointer;\n  user-select: none;\n}\n\n\/* C\u00edrculo verde con el s\u00edmbolo + *\/\n.solfinc-faq .solfinc-faq-question::after {\n  content: \"+\";\n  position: absolute;\n  top: 50%;\n  right: 26px;\n  display: flex;\n  align-items: center;\n  justify-content: center;\n  width: 41px;\n  height: 41px;\n  color: #2a2b26;\n  font-size: 28px;\n  font-weight: 700;\n  line-height: 1;\n  background-color: #a0cf67;\n  border-radius: 50%;\n  transform: translateY(-50%);\n}\n\n\/* S\u00edmbolo cuando la pregunta est\u00e1 abierta *\/\n.solfinc-faq .faq-open > .solfinc-faq-question::after {\n  content: \"\u2212\";\n}\n\n\/* Respuesta cerrada *\/\n.solfinc-faq\n  > div[itemtype=\"https:\/\/schema.org\/Question\"]\n  > div[itemprop=\"acceptedAnswer\"] {\n  max-height: 0;\n  overflow: hidden;\n  opacity: 0;\n  transition:\n    max-height 0.35s ease,\n    opacity 0.25s ease;\n}\n\n\/* Respuesta abierta *\/\n.solfinc-faq\n  > div.faq-open[itemtype=\"https:\/\/schema.org\/Question\"]\n  > div[itemprop=\"acceptedAnswer\"] {\n  max-height: 500px;\n  opacity: 1;\n}\n\n\/* Texto de las respuestas *\/\n.solfinc-faq div[itemprop=\"text\"] {\n  padding: 0 30px 28px;\n  color: #2a2b26;\n  font-size: 18px;\n  font-weight: 400;\n  line-height: 1.7;\n}\n\n\/* Accesibilidad con teclado *\/\n.solfinc-faq .solfinc-faq-question:focus-visible {\n  outline: 3px solid rgba(160, 207, 103, 0.7);\n  outline-offset: -3px;\n}\n\n\/* Adaptaci\u00f3n para m\u00f3viles *\/\n@media (max-width: 767px) {\n  .solfinc-faq {\n    padding: 30px 15px;\n  }\n\n  .solfinc-faq > hr {\n    margin-top: 24px;\n    margin-bottom: 32px;\n  }\n\n  .solfinc-faq > div[itemtype=\"https:\/\/schema.org\/Question\"] {\n    border-radius: 17px;\n  }\n\n  .solfinc-faq .solfinc-faq-question {\n    min-height: 74px;\n    padding: 20px 65px 20px 20px !important;\n  }\n\n  .solfinc-faq .solfinc-faq-question::after {\n    right: 18px;\n    width: 36px;\n    height: 36px;\n    font-size: 24px;\n  }\n\n  .solfinc-faq div[itemprop=\"text\"] {\n    padding: 0 20px 23px;\n    font-size: 16px;\n  }\n}\n<\/style>\n\n<script>\ndocument.addEventListener(\"DOMContentLoaded\", function () {\n  const faqQuestions = document.querySelectorAll(\n    '.solfinc-faq div[itemtype=\"https:\/\/schema.org\/Question\"]'\n  );\n\n  faqQuestions.forEach(function (question) {\n    const title = question.querySelector(\".solfinc-faq-question\");\n\n    if (!title) {\n      return;\n    }\n\n    title.setAttribute(\"role\", \"button\");\n    title.setAttribute(\"tabindex\", \"0\");\n    title.setAttribute(\"aria-expanded\", \"false\");\n\n    function toggleQuestion() {\n      const isOpen = question.classList.toggle(\"faq-open\");\n      title.setAttribute(\"aria-expanded\", isOpen ? \"true\" : \"false\");\n    }\n\n    title.addEventListener(\"click\", toggleQuestion);\n\n    title.addEventListener(\"keydown\", function (event) {\n      if (event.key === \"Enter\" || event.key === \" \") {\n        event.preventDefault();\n        toggleQuestion();\n      }\n    });\n  });\n});\n<\/script>\n\n<div\n  class=\"solfinc-faq\"\n  itemscope\n  itemtype=\"https:\/\/schema.org\/FAQPage\"\n>\n  <h2 class=\"solfinc-faq-title\">Preguntas frecuentes<\/h2>\n\n  <hr>\n\n  <div\n    itemscope\n    itemprop=\"mainEntity\"\n    itemtype=\"https:\/\/schema.org\/Question\"\n  >\n    <h3 class=\"solfinc-faq-question\" itemprop=\"name\">\n      \u00bfQu\u00e9 gestiona un administrador de fincas?\n    <\/h3>\n\n    <div\n      itemscope\n      itemprop=\"acceptedAnswer\"\n      itemtype=\"https:\/\/schema.org\/Answer\"\n    >\n      <div itemprop=\"text\">\n        Un administrador de fincas puede gestionar comunidades de propietarios,\n        edificios en alquiler, viviendas, locales, parkings, contratos,\n        incidencias, cobros, mantenimiento y operaciones inmobiliarias como\n        alquiler o venta.\n      <\/div>\n    <\/div>\n  <\/div>\n\n  <div\n    itemscope\n    itemprop=\"mainEntity\"\n    itemtype=\"https:\/\/schema.org\/Question\"\n  >\n    <h3 class=\"solfinc-faq-question\" itemprop=\"name\">\n      \u00bfCu\u00e1l es la diferencia entre administraci\u00f3n de fincas y administraci\u00f3n de comunidades?\n    <\/h3>\n\n    <div\n      itemscope\n      itemprop=\"acceptedAnswer\"\n      itemtype=\"https:\/\/schema.org\/Answer\"\n    >\n      <div itemprop=\"text\">\n        La administraci\u00f3n de comunidades se ocupa de la gesti\u00f3n colectiva de\n        una propiedad vertical o conjunto residencial: propietarios, juntas,\n        cuotas, acuerdos y zonas comunes. La administraci\u00f3n de fincas abarca\n        una gesti\u00f3n m\u00e1s amplia del inmueble o patrimonio, incluyendo\n        alquileres, locales, parkings, edificios completos y operaciones\n        inmobiliarias.\n      <\/div>\n    <\/div>\n  <\/div>\n\n  <div\n    itemscope\n    itemprop=\"mainEntity\"\n    itemtype=\"https:\/\/schema.org\/Question\"\n  >\n    <h3 class=\"solfinc-faq-question\" itemprop=\"name\">\n      \u00bfQu\u00e9 es la administraci\u00f3n de fincas en propiedad horizontal?\n    <\/h3>\n\n    <div\n      itemscope\n      itemprop=\"acceptedAnswer\"\n      itemtype=\"https:\/\/schema.org\/Answer\"\n    >\n      <div itemprop=\"text\">\n        Es la gesti\u00f3n de comunidades de propietarios: cuentas, juntas, cuotas,\n        incidencias, mantenimiento, proveedores, acuerdos comunitarios y\n        documentaci\u00f3n de la finca.\n      <\/div>\n    <\/div>\n  <\/div>\n\n  <div\n    itemscope\n    itemprop=\"mainEntity\"\n    itemtype=\"https:\/\/schema.org\/Question\"\n  >\n    <h3 class=\"solfinc-faq-question\" itemprop=\"name\">\n      \u00bfQu\u00e9 es la administraci\u00f3n de fincas en propiedad vertical?\n    <\/h3>\n\n    <div\n      itemscope\n      itemprop=\"acceptedAnswer\"\n      itemtype=\"https:\/\/schema.org\/Answer\"\n    >\n      <div itemprop=\"text\">\n        Es la gesti\u00f3n de edificios o patrimonios inmobiliarios pertenecientes\n        a uno o varios propietarios. Incluye alquileres, cobros, mantenimiento,\n        contratos, incidencias y relaci\u00f3n con inquilinos.\n      <\/div>\n    <\/div>\n  <\/div>\n\n  <div\n    itemscope\n    itemprop=\"mainEntity\"\n    itemtype=\"https:\/\/schema.org\/Question\"\n  >\n    <h3 class=\"solfinc-faq-question\" itemprop=\"name\">\n      \u00bfCu\u00e1ndo conviene contratar una administraci\u00f3n de fincas?\n    <\/h3>\n\n    <div\n      itemscope\n      itemprop=\"acceptedAnswer\"\n      itemtype=\"https:\/\/schema.org\/Answer\"\n    >\n      <div itemprop=\"text\">\n        Cuando una finca, comunidad o patrimonio genera gestiones constantes:\n        vecinos, inquilinos, cobros, contratos, reparaciones, proveedores,\n        incidencias o decisiones econ\u00f3micas importantes.\n      <\/div>\n    <\/div>\n  <\/div>\n\n  <div\n    itemscope\n    itemprop=\"mainEntity\"\n    itemtype=\"https:\/\/schema.org\/Question\"\n  >\n    <h3 class=\"solfinc-faq-question\" itemprop=\"name\">\n      \u00bfQu\u00e9 ventajas tiene centralizar la administraci\u00f3n, el alquiler y la venta en una misma empresa?\n    <\/h3>\n\n    <div\n      itemscope\n      itemprop=\"acceptedAnswer\"\n      itemtype=\"https:\/\/schema.org\/Answer\"\n    >\n      <div itemprop=\"text\">\n        Permite tener una visi\u00f3n completa del inmueble, evitar gestiones\n        duplicadas, mejorar la comunicaci\u00f3n y tomar decisiones m\u00e1s \u00e1giles\n        sobre mantenimiento, rentabilidad, alquiler o venta.\n      <\/div>\n    <\/div>\n  <\/div>\n<\/div><\/div><\/div>\n\n<div class=\"et_pb_text_13 et_pb_text et_pb_bg_layout_light et_pb_module et_block_module et_pb_text_align_center\"><div class=\"et_pb_text_inner\"><h2>Lo que dicen <span style=\"color: #a0cf67;\">nuestros clientes<\/span><\/h2>\n<p>Miles de propietarios han confiado en nuestro equipo.<\/p>\n<\/div><\/div>\n\n<div class=\"et_pb_code_1 et_pb_code et_pb_module\"><div class=\"et_pb_code_inner\"><div class=\"solfinc-reviews-slider\">\n  <div class=\"slider-wrapper\">\n    <button class=\"arrow left\" onclick=\"showPrevSlide()\">\u2039<\/button>\n\n    <div class=\"slider-container\">\n      <div class=\"slider-track\">\n\n        <!-- Rese\u00f1a 1 -->\n        <div class=\"review-card\">\n          <div class=\"review-header\">\n            <div class=\"avatar no-image\" data-name=\"Neus Coll\"><\/div>\n            <div class=\"review-info\">\n              <strong>Neus Coll<\/strong>\n            <\/div>\n            <img decoding=\"async\" class=\"google-logo\" src=\"https:\/\/www.solfinc.com\/wp-content\/uploads\/2025\/05\/Logo-de-Google.svg\" alt=\"Google\" \/>\n          <\/div>\n          <div class=\"review-rating\">\u2605\u2605\u2605\u2605\u2605 <span class=\"verified\">&#x2714;<\/span><\/div>\n          <p class=\"review-text\">Agradezco a Solfinc la gesti\u00f3n como administrador de nuestra finca y ahora tambi\u00e9n como administrador del aparcamiento. Son responsables, siempre responden a las llamadas y correos, y la contabilidad es muy clara. En especial, quiero destacar la atenci\u00f3n del Sr. Arturo Reyes y tambi\u00e9n del gerente de SOLFINC.<\/p>\n        <\/div>\n\n        <!-- Rese\u00f1a 2 -->\n        <div class=\"review-card\">\n          <div class=\"review-header\">\n            <div class=\"avatar no-image\" data-name=\"Monica Querol\"><\/div>\n            <div class=\"review-info\">\n              <strong>Monica Querol<\/strong>\n            <\/div>\n            <img decoding=\"async\" class=\"google-logo\" src=\"https:\/\/www.solfinc.com\/wp-content\/uploads\/2025\/05\/Logo-de-Google.svg\" alt=\"Google\" \/>\n          <\/div>\n          <div class=\"review-rating\">\u2605\u2605\u2605\u2605\u2605 <span class=\"verified\">&#x2714;<\/span><\/div>\n          <p class=\"review-text\">Gran profesionalidad y diligencia en la gesti\u00f3n de tr\u00e1mites, desde la persona que te atiende al principio hasta la direcci\u00f3n. Muy resolutivos, trato muy humano y emp\u00e1tico. Muchas gracias por canalizar vuestro esfuerzo y conseguir optimizar este buen hacer del servicio que hemos recibido.<\/p>\n        <\/div>\n\n        <!-- Rese\u00f1a 3 -->\n        <div class=\"review-card\">\n          <div class=\"review-header\">\n            <div class=\"avatar no-image\" data-name=\"Jorge Puig\"><\/div>\n            <div class=\"review-info\">\n              <strong>Jorge Puig<\/strong>\n            <\/div>\n            <img decoding=\"async\" class=\"google-logo\" src=\"https:\/\/www.solfinc.com\/wp-content\/uploads\/2025\/05\/Logo-de-Google.svg\" alt=\"Google\" \/>\n          <\/div>\n          <div class=\"review-rating\">\u2605\u2605\u2605\u2605\u2605 <span class=\"verified\">&#x2714;<\/span><\/div>\n          <p class=\"review-text\">Como presidente de la comunidad, llevamos 16 a\u00f1os de relaci\u00f3n y siempre hemos resuelto los peque\u00f1os conflictos habituales que han ido surgiendo. Incluso los hemos recomendado a otras comunidades con problemas. En cuanto al trato personal, destaco las actitudes positivas de los responsables que nos han acompa\u00f1ado, los Sres. Carles Lafitte y Joan Moreno, en los temas del d\u00eda a d\u00eda. Estamos muy contentos de contar con sus servicios.<\/p>\n        <\/div>\n\n        <!-- Rese\u00f1a 4 -->\n        <div class=\"review-card\">\n          <div class=\"review-header\">\n            <div class=\"avatar no-image\" data-name=\"Alban Drapeau\"><\/div>\n            <div class=\"review-info\">\n              <strong>Alban Drapeau<\/strong>\n            <\/div>\n            <img decoding=\"async\" class=\"google-logo\" src=\"https:\/\/www.solfinc.com\/wp-content\/uploads\/2025\/05\/Logo-de-Google.svg\" alt=\"Google\" \/>\n          <\/div>\n          <div class=\"review-rating\">\u2605\u2605\u2605\u2605\u2605 <span class=\"verified\">&#x2714;<\/span><\/div>\n          <p class=\"review-text\">Quiero agradecer a Arturo Reyes Mart\u00ednez su gesti\u00f3n en un problema de fuga de agua que tuvimos en la comunidad. Respondi\u00f3 muy r\u00e1pido, envi\u00f3 al t\u00e9cnico y se repar\u00f3 el origen del problema. Muchas gracias.<\/p>\n        <\/div>\n\n        <!-- Rese\u00f1a 5 -->\n        <div class=\"review-card\">\n          <div class=\"review-header\">\n            <div class=\"avatar no-image\" data-name=\"Eduardo Guiu Asensio\"><\/div>\n            <div class=\"review-info\">\n              <strong>Eduardo Guiu Asensio<\/strong>\n            <\/div>\n            <img decoding=\"async\" class=\"google-logo\" src=\"https:\/\/www.solfinc.com\/wp-content\/uploads\/2025\/05\/Logo-de-Google.svg\" alt=\"Google\" \/>\n          <\/div>\n          <div class=\"review-rating\">\u2605\u2605\u2605\u2605\u2605 <span class=\"verified\">&#x2714;<\/span><\/div>\n          <p class=\"review-text\">Nuestra Comunidad de Propietarios est\u00e1 gestionada por Sergi Madrona, de Solfinc, y solo tenemos buenas palabras para \u00e9l. Es resolutivo, con un trato muy personal y atento, coordina muy bien a los vecinos y proveedores, nos ha ayudado en todo lo que hemos necesitado y siempre nos ahorra mucho tiempo y quebraderos de cabeza. Muy contentos con ellos, \u00a1s\u00ed!<\/p>\n        <\/div>\n\n        <!-- Rese\u00f1a 6 -->\n        <div class=\"review-card\">\n          <div class=\"review-header\">\n            <div class=\"avatar no-image\" data-name=\"OMIOKULE\"><\/div>\n            <div class=\"review-info\">\n              <strong>OMIOKULE<\/strong>\n            <\/div>\n            <img decoding=\"async\" class=\"google-logo\" src=\"https:\/\/www.solfinc.com\/wp-content\/uploads\/2025\/05\/Logo-de-Google.svg\" alt=\"Google\" \/>\n          <\/div>\n          <div class=\"review-rating\">\u2605\u2605\u2605\u2605\u2605 <span class=\"verified\">&#x2714;<\/span><\/div>\n          <p class=\"review-text\">Queremos agradecer profundamente a Hassan por su amabilidad, profesionalismo y excelente acompa\u00f1amiento durante todo el proceso de compra. Desde el primer momento hasta el \u00faltimo detalle, siempre estuvo atento y dispuesto a ayudarnos.\nGracias por hacer de esta experiencia algo mucho m\u00e1s tranquilo y positivo. Sin duda recomendamos sus servicios y valoramos todo el apoyo recibido.<\/p>\n        <\/div>\n\n        <!-- Rese\u00f1a 7 -->\n        <div class=\"review-card\">\n          <div class=\"review-header\">\n            <div class=\"avatar no-image\" data-name=\"i mb\"><\/div>\n            <div class=\"review-info\">\n              <strong>i mb<\/strong>\n            <\/div>\n            <img decoding=\"async\" class=\"google-logo\" src=\"https:\/\/www.solfinc.com\/wp-content\/uploads\/2025\/05\/Logo-de-Google.svg\" alt=\"Google\" \/>\n          <\/div>\n          <div class=\"review-rating\">\u2605\u2605\u2605\u2605\u2605 <span class=\"verified\">&#x2714;<\/span><\/div>\n          <p class=\"review-text\">Desde el primer momento un placer tratar con ellos , muy profesionales desde el inicio , y acompa\u00f1amiento hasta el final firma etc , aconsejable 100%<\/p>\n        <\/div>\n\n      <\/div>\n    <\/div>\n\n    <button class=\"arrow right\" onclick=\"showNextSlide()\">\u203a<\/button>\n  <\/div>\n<\/div>\n\n<style>\n.solfinc-reviews-slider {\n  max-width: 100%;\n  margin: 0 auto;\n  padding: 50px 20px;\n  text-align: center;\n}\n.solfinc-reviews-slider h2 {\n  font-size: 32px;\n}\n.solfinc-reviews-slider p {\n  font-size: 18px;\n  color: #666;\n  margin-bottom: 30px;\n}\n.slider-wrapper {\n  position: relative;\n  display: flex;\n  align-items: center;\n}\n.slider-container {\n  overflow: hidden;\n  width: 100%;\n}\n.slider-track {\n  display: flex;\n  gap: 20px;\n  transition: transform 0.5s ease-in-out;\n}\n.review-card {\n  background: #fff;\n  border: 1px solid #eee;\n  border-radius: 12px;\n  padding: 20px;\n  width: calc(100% \/ 3 - 14px);\n  flex-shrink: 0;\n  text-align: left;\n  box-shadow: 0 2px 8px rgba(0,0,0,0.05);\n  position: relative;\n}\n.review-header {\n  display: flex;\n  align-items: flex-start;\n  gap: 10px;\n}\n.avatar {\n  width: 40px;\n  height: 40px;\n  border-radius: 50%;\n  background-color: #a0cf67;\n  color: white;\n  font-weight: bold;\n  font-size: 18px;\n  display: flex;\n  align-items: center;\n  justify-content: center;\n  overflow: hidden;\n}\n.review-info {\n  flex-grow: 1;\n  display: flex;\n  flex-direction: column;\n}\n.review-info strong {\n  font-size: 15px;\n  color: #333;\n  line-height: 1.2;\n}\n.review-date {\n  font-size: 13px;\n  color: #888;\n  margin-top: 2px;\n}\n.google-logo {\n  width: 20px;\n  height: 20px;\n  margin-left: 8px;\n  margin-top: 2px;\n}\n.review-rating {\n  color: #fbbc04;\n  font-size: 18px;\n  margin: 10px 0;\n}\n.verified {\n  color: #4caf50;\n  font-size: 16px;\n  margin-left: 4px;\n}\n.review-text {\n  font-size: 14px;\n  color: #444;\n  line-height: 1.5;\n}\n.read-more {\n  color: #007bff;\n  font-size: 14px;\n  cursor: pointer;\n  display: inline-block;\n  margin-top: 5px;\n}\n.arrow {\n  background: none;\n  color: #aaa;\n  border: none;\n  font-size: 36px;\n  cursor: pointer;\n}\n.arrow:hover {\n  color: #666;\n}\n.arrow.left {\n  position: absolute;\n  left: -30px;\n}\n.arrow.right {\n  position: absolute;\n  right: -30px;\n}\n@media (max-width: 768px) {\n  .review-card {\n    width: 100%;\n  }\n}\n<\/style>\n\n<script>\nlet currentIndex = 0;\nconst track = document.querySelector(\".slider-track\");\nconst cards = document.querySelectorAll(\".review-card\");\n\nfunction getSlidesPerView() {\n  return window.innerWidth < 768 ? 1 : 3;\n}\n\nfunction updateSlider() {\n  const slideWidth = cards[0].offsetWidth + 20;\n  track.style.transform = `translateX(-${currentIndex * slideWidth}px)`;\n}\n\nfunction showNextSlide() {\n  const maxIndex = cards.length - getSlidesPerView();\n  currentIndex = (currentIndex + 1 > maxIndex) ? 0 : currentIndex + 1;\n  updateSlider();\n}\n\nfunction showPrevSlide() {\n  const maxIndex = cards.length - getSlidesPerView();\n  currentIndex = (currentIndex - 1 < 0) ? maxIndex : currentIndex - 1;\n  updateSlider();\n}\n\nwindow.addEventListener(\"resize\", updateSlider);\ndocument.querySelectorAll(\".avatar.no-image\").forEach(el => {\n  const name = el.getAttribute(\"data-name\");\n  if (name) el.textContent = name.trim().charAt(0).toUpperCase();\n});\n\ndocument.querySelectorAll(\".review-text\").forEach(el => {\n  const fullText = el.textContent.trim();\n  if (fullText.length > 300) {\n    const shortText = fullText.slice(0, 300) + \"...\";\n    el.dataset.fullText = fullText;\n    el.dataset.shortText = shortText;\n    el.innerHTML = `${shortText} <span class=\"read-more\">Leer m\u00e1s<\/span>`;\n  }\n});\n\ndocument.addEventListener(\"click\", e => {\n  if (e.target.classList.contains(\"read-more\")) {\n    const container = e.target.closest(\".review-text\");\n    const isExpanded = e.target.textContent === \"Leer menos\";\n    container.innerHTML = isExpanded\n      ? `${container.dataset.shortText} <span class=\"read-more\">Leer m\u00e1s<\/span>`\n      : `${container.dataset.fullText} <span class=\"read-more\">Leer menos<\/span>`;\n  }\n});\n\nsetInterval(showNextSlide, 6000);\nupdateSlider();\n<\/script>\n\n<script type=\"application\/ld+json\">\n{\n  \"@context\": \"https:\/\/schema.org\",\n  \"@type\": \"AggregateRating\",\n  \"ratingValue\": \"4.1\",\n  \"reviewCount\": \"178\",\n  \"bestRating\": \"5\",\n  \"worstRating\": \"1\",\n  \"itemReviewed\": {\n    \"@type\": \"LocalBusiness\",\n    \"name\": \"Solfinc\",\n    \"url\": \"https:\/\/www.solfinc.com\/es\/\",\n    \"telephone\": \"+34934588305\",\n    \"address\": {\n      \"@type\": \"PostalAddress\",\n      \"streetAddress\": \"C\/ Sicilia 253, \u00c1tico 1 y 2\",\n      \"addressLocality\": \"Barcelona\",\n      \"postalCode\": \"08025\",\n      \"addressCountry\": \"Spain\"\n    }\n  }\n}\n<\/script><\/div><\/div>\n<\/div>\n<\/div>\n\n<div class=\"et_pb_row_12 et_pb_row et_block_row\">\n<div class=\"et_pb_column_26 et_pb_column et_pb_column_4_4 et-last-child et_block_column et_pb_css_mix_blend_mode_passthrough\">\n<div class=\"et_pb_text_14 et_pb_text et_pb_bg_layout_light et_pb_module et_block_module et_pb_text_align_center\"><div class=\"et_pb_text_inner\"><h2><span style=\"color: #a0cf67;\">Actualidad<\/span> en nuestro blog<\/h2>\n<\/div><\/div>\n\n<div class=\"et_pb_blog_0 et_pb_blog et_pb_bg_layout_light et_pb_posts et_pb_module\"><div class=\"et_pb_ajax_pagination_container\"><div class=\"et_pb_blog_posts et_grid_module\"><article class=\"et_pb_post et_pb_post_id_244076 clearfix et_pb_blog_item_0_0 post-244076 post type-post status-publish format-standard has-post-thumbnail hentry category-destacadas category-seguros category-ultimas-entradas\"><div class=\"et_pb_image_container\"><a href=\"https:\/\/www.solfinc.com\/es\/blog\/que-seguros-debe-tener-un-autonomo\/\" class=\"entry-featured-image-url\"><img decoding=\"async\" src=\"https:\/\/www.solfinc.com\/wp-content\/uploads\/2026\/07\/seguros-autonomos.jpg\" width=\"400\" height=\"250\" alt=\"Seguros para aut\u00f3nomos\" class=\"\" srcset=\"https:\/\/www.solfinc.com\/wp-content\/uploads\/2026\/07\/seguros-autonomos.jpg 479w, https:\/\/www.solfinc.com\/wp-content\/uploads\/2026\/07\/seguros-autonomos-400x250.jpg 480w\" sizes=\"(max-width:479px) 479px, 100vw\" \/><span data-icon=\"\ue050\" class=\"et_overlay et_pb_inline_icon\"><\/span><\/a><\/div><h3 class=\"entry-title\"><a href=\"https:\/\/www.solfinc.com\/es\/blog\/que-seguros-debe-tener-un-autonomo\/\">\u00bfQu\u00e9 seguros debe tener un aut\u00f3nomo?<\/a><\/h3><p class=\"post-meta\"><\/p><div class=\"post-content\"><div class=\"post-content-inner\"><p>En un entorno laboral en constante cambio, los aut\u00f3nomos deben asegurarse de estar protegidos ante cualquier eventualidad. Los seguros adecuados no solo salvaguardan su negocio, sino que tambi\u00e9n ofrecen tranquilidad personal. En esta gu\u00eda, exploraremos los diferentes...<\/p>\n<\/div><\/div><\/article><article class=\"et_pb_post et_pb_post_id_244046 clearfix et_pb_blog_item_0_1 post-244046 post type-post status-publish format-standard has-post-thumbnail hentry category-comunidades category-destacadas category-ultimas-entradas\"><div class=\"et_pb_image_container\"><a href=\"https:\/\/www.solfinc.com\/es\/blog\/cuantos-organos-componen-comunidad-propietarios\/\" class=\"entry-featured-image-url\"><img decoding=\"async\" src=\"https:\/\/www.solfinc.com\/wp-content\/uploads\/2026\/07\/organos-comunidad-vecinos.jpg\" width=\"400\" height=\"250\" alt=\"\u00d3rganos de una comunidad de vecinos\" class=\"\" srcset=\"https:\/\/www.solfinc.com\/wp-content\/uploads\/2026\/07\/organos-comunidad-vecinos.jpg 479w, https:\/\/www.solfinc.com\/wp-content\/uploads\/2026\/07\/organos-comunidad-vecinos-400x250.jpg 480w\" sizes=\"(max-width:479px) 479px, 100vw\" \/><span data-icon=\"\ue050\" class=\"et_overlay et_pb_inline_icon\"><\/span><\/a><\/div><h3 class=\"entry-title\"><a href=\"https:\/\/www.solfinc.com\/es\/blog\/cuantos-organos-componen-comunidad-propietarios\/\">\u00bfCu\u00e1ntos \u00f3rganos componen una comunidad de propietarios?<\/a><\/h3><p class=\"post-meta\"><\/p><div class=\"post-content\"><div class=\"post-content-inner\"><p>La correcta organizaci\u00f3n de los \u00f3rganos de una comunidad de propietarios es esencial para el funcionamiento eficaz y armonioso del inmueble. Este art\u00edculo presenta una visi\u00f3n detallada sobre la estructura legal que rige a dichos cargos y sus funciones espec\u00edficas....<\/p>\n<\/div><\/div><\/article><article class=\"et_pb_post et_pb_post_id_244009 clearfix et_pb_blog_item_0_2 post-244009 post type-post status-publish format-standard has-post-thumbnail hentry category-comunidades category-destacadas category-ultimas-entradas\"><div class=\"et_pb_image_container\"><a href=\"https:\/\/www.solfinc.com\/es\/blog\/libro-actas-que-es-y-para-que-sirve\/\" class=\"entry-featured-image-url\"><img decoding=\"async\" src=\"https:\/\/www.solfinc.com\/wp-content\/uploads\/2026\/07\/libro-actas.jpg\" width=\"400\" height=\"250\" alt=\"Libro de actas\" class=\"\" srcset=\"https:\/\/www.solfinc.com\/wp-content\/uploads\/2026\/07\/libro-actas.jpg 479w, https:\/\/www.solfinc.com\/wp-content\/uploads\/2026\/07\/libro-actas-400x250.jpg 480w\" sizes=\"(max-width:479px) 479px, 100vw\" \/><span data-icon=\"\ue050\" class=\"et_overlay et_pb_inline_icon\"><\/span><\/a><\/div><h3 class=\"entry-title\"><a href=\"https:\/\/www.solfinc.com\/es\/blog\/libro-actas-que-es-y-para-que-sirve\/\">Libro de actas &#8211; Qu\u00e9 es y para qu\u00e9 sirve en una comunidad<\/a><\/h3><p class=\"post-meta\"><\/p><div class=\"post-content\"><div class=\"post-content-inner\"><p>El libro de actas en una comunidad de propietarios es un documento esencial que recoge las decisiones y acuerdos adoptados por los vecinos. Su correcta gesti\u00f3n y conservaci\u00f3n son fundamentales para garantizar la transparencia y el buen funcionamiento de la comunidad....<\/p>\n<\/div><\/div><\/article><article class=\"et_pb_post et_pb_post_id_243965 clearfix et_pb_blog_item_0_3 post-243965 post type-post status-publish format-standard has-post-thumbnail hentry category-alquiler category-destacadas category-ultimas-entradas\"><div class=\"et_pb_image_container\"><a href=\"https:\/\/www.solfinc.com\/es\/blog\/es-obligatorio-poner-aire-acondicionado-piso-alquiler\/\" class=\"entry-featured-image-url\"><img decoding=\"async\" src=\"https:\/\/www.solfinc.com\/wp-content\/uploads\/2026\/07\/aire-acondicinado.jpg\" width=\"400\" height=\"250\" alt=\"Aire acondicionado\" class=\"\" srcset=\"https:\/\/www.solfinc.com\/wp-content\/uploads\/2026\/07\/aire-acondicinado.jpg 479w, https:\/\/www.solfinc.com\/wp-content\/uploads\/2026\/07\/aire-acondicinado-400x250.jpg 480w\" sizes=\"(max-width:479px) 479px, 100vw\" \/><span data-icon=\"\ue050\" class=\"et_overlay et_pb_inline_icon\"><\/span><\/a><\/div><h3 class=\"entry-title\"><a href=\"https:\/\/www.solfinc.com\/es\/blog\/es-obligatorio-poner-aire-acondicionado-piso-alquiler\/\">\u00bfEs obligatorio poner aire acondicionado en un piso de alquiler?<\/a><\/h3><p class=\"post-meta\"><\/p><div class=\"post-content\"><div class=\"post-content-inner\"><p>La respuesta r\u00e1pida es clara: no, el propietario no est\u00e1 obligado por norma general a poner aire acondicionado en un piso de alquiler. La ley obliga al arrendador a conservar la vivienda en condiciones de habitabilidad, pero el aire acondicionado se considera, en la...<\/p>\n<\/div><\/div><\/article><article class=\"et_pb_post et_pb_post_id_243922 clearfix et_pb_blog_item_0_4 post-243922 post type-post status-publish format-standard has-post-thumbnail hentry category-alquiler category-destacadas category-inmobiliaria category-ultimas-entradas\"><div class=\"et_pb_image_container\"><a href=\"https:\/\/www.solfinc.com\/es\/blog\/alquiler-opcion-a-compra-que-es-y-como-funciona\/\" class=\"entry-featured-image-url\"><img decoding=\"async\" src=\"https:\/\/www.solfinc.com\/wp-content\/uploads\/2026\/07\/alquiler-opcion-a-compra.jpg\" width=\"400\" height=\"250\" alt=\"Alquiler con opci\u00f3n a compra\" class=\"\" srcset=\"https:\/\/www.solfinc.com\/wp-content\/uploads\/2026\/07\/alquiler-opcion-a-compra.jpg 479w, https:\/\/www.solfinc.com\/wp-content\/uploads\/2026\/07\/alquiler-opcion-a-compra-400x250.jpg 480w\" sizes=\"(max-width:479px) 479px, 100vw\" \/><span data-icon=\"\ue050\" class=\"et_overlay et_pb_inline_icon\"><\/span><\/a><\/div><h3 class=\"entry-title\"><a href=\"https:\/\/www.solfinc.com\/es\/blog\/alquiler-opcion-a-compra-que-es-y-como-funciona\/\">Alquiler con opci\u00f3n a compra &#8211; Qu\u00e9 es y c\u00f3mo funciona<\/a><\/h3><p class=\"post-meta\"><\/p><div class=\"post-content\"><div class=\"post-content-inner\"><p>El alquiler con opci\u00f3n a compra es una f\u00f3rmula que permite vivir de alquiler en una vivienda y, pasado un plazo pactado, comprarla si finalmente interesa. Dicho as\u00ed parece sencillo, pero conviene no confundirse: no es un arrendamiento normal con una promesa de venta....<\/p>\n<\/div><\/div><\/article><article class=\"et_pb_post et_pb_post_id_243870 clearfix et_pb_blog_item_0_5 post-243870 post type-post status-publish format-standard has-post-thumbnail hentry category-destacadas category-inmobiliaria category-ultimas-entradas\"><div class=\"et_pb_image_container\"><a href=\"https:\/\/www.solfinc.com\/es\/blog\/calcular-precio-piso-de-segunda-mano-barcelona\/\" class=\"entry-featured-image-url\"><img decoding=\"async\" src=\"https:\/\/www.solfinc.com\/wp-content\/uploads\/2026\/07\/piso-segunda-mano.jpg\" width=\"400\" height=\"250\" alt=\"Piso de segunda mano\" class=\"\" srcset=\"https:\/\/www.solfinc.com\/wp-content\/uploads\/2026\/07\/piso-segunda-mano.jpg 479w, https:\/\/www.solfinc.com\/wp-content\/uploads\/2026\/07\/piso-segunda-mano-400x250.jpg 480w\" sizes=\"(max-width:479px) 479px, 100vw\" \/><span data-icon=\"\ue050\" class=\"et_overlay et_pb_inline_icon\"><\/span><\/a><\/div><h3 class=\"entry-title\"><a href=\"https:\/\/www.solfinc.com\/es\/blog\/calcular-precio-piso-de-segunda-mano-barcelona\/\">\u00bfC\u00f3mo calcular el precio de un piso de segunda mano en Barcelona?<\/a><\/h3><p class=\"post-meta\"><\/p><div class=\"post-content\"><div class=\"post-content-inner\"><p>Calcular el precio de un piso de segunda mano en Barcelona no va de mirar tres anuncios, hacer una media r\u00e1pida y poner una cifra bonita. Ojal\u00e1 fuera tan sencillo. El precio real de una vivienda depende de los metros, s\u00ed. Pero tambi\u00e9n de la calle, la finca, la altura,...<\/p>\n<\/div><\/div><\/article><\/div><\/div><\/div>\n\n<div class=\"et_pb_module et_pb_button_module_wrapper et_pb_button_8_wrapper\"><a class=\"et_pb_button_8 et_pb_button et_pb_bg_layout_light et_pb_module et_block_module\" href=\"https:\/\/www.solfinc.com\/blog\/\">Ver m\u00e1s art\u00edculos del blog<\/a><\/div>\n<\/div>\n<\/div>\n<\/div>","protected":false},"excerpt":{"rendered":"","protected":false},"author":13,"featured_media":128401,"parent":0,"menu_order":0,"comment_status":"closed","ping_status":"closed","template":"","meta":{"inline_featured_image":false,"footnotes":""},"class_list":["post-58162","page","type-page","status-publish","has-post-thumbnail","hentry"],"yoast_head":"<!-- This site is optimized with the Yoast SEO Premium plugin v28.1 (Yoast SEO v28.3) - https:\/\/yoast.com\/product\/yoast-seo-premium-wordpress\/ -->\n<title>Administradores de fincas Barcelona | Grup Solfinc<\/title>\n<meta name=\"description\" content=\"Solfinc es una empresa de administradores de fincas, patrimonios y alquileres en Barcelona. \u00a1Nos gustar\u00eda ser tu inmobiliaria de confianza!\" \/>\n<meta name=\"robots\" content=\"index, follow, max-snippet:-1, max-image-preview:large, max-video-preview:-1\" \/>\n<link rel=\"canonical\" href=\"https:\/\/www.solfinc.com\/es\/\" \/>\n<meta property=\"og:locale\" content=\"es_ES\" \/>\n<meta property=\"og:type\" content=\"article\" \/>\n<meta property=\"og:title\" content=\"Administradores de fincas en Barcelona\" \/>\n<meta property=\"og:url\" content=\"https:\/\/www.solfinc.com\/es\/\" \/>\n<meta property=\"og:site_name\" content=\"Grup Solfinc\" \/>\n<meta property=\"article:publisher\" content=\"https:\/\/www.facebook.com\/GrupSolfinc\" \/>\n<meta property=\"article:modified_time\" content=\"2026-08-31T08:13:18+00:00\" \/>\n<meta property=\"og:image\" content=\"https:\/\/www.solfinc.com\/wp-content\/uploads\/2022\/05\/edificios-residenciales-solfinc-300x216-2-417x300-1.jpg\" \/>\n\t<meta property=\"og:image:width\" content=\"1044\" \/>\n\t<meta property=\"og:image:height\" content=\"751\" \/>\n\t<meta property=\"og:image:type\" content=\"image\/jpeg\" \/>\n<meta name=\"twitter:card\" content=\"summary_large_image\" \/>\n<meta name=\"twitter:site\" content=\"@grupsolfinc\" \/>\n<meta name=\"twitter:label1\" content=\"Tiempo de lectura\" \/>\n\t<meta name=\"twitter:data1\" content=\"6 minutos\" \/>\n<script type=\"application\/ld+json\" class=\"yoast-schema-graph\">{\"@context\":\"https:\\\/\\\/schema.org\",\"@graph\":[{\"@type\":\"WebPage\",\"@id\":\"https:\\\/\\\/www.solfinc.com\\\/es\\\/\",\"url\":\"https:\\\/\\\/www.solfinc.com\\\/es\\\/\",\"name\":\"Administradores de fincas Barcelona | Grup Solfinc\",\"isPartOf\":{\"@id\":\"https:\\\/\\\/www.solfinc.com\\\/es\\\/#website\"},\"primaryImageOfPage\":{\"@id\":\"https:\\\/\\\/www.solfinc.com\\\/es\\\/#primaryimage\"},\"image\":{\"@id\":\"https:\\\/\\\/www.solfinc.com\\\/es\\\/#primaryimage\"},\"thumbnailUrl\":\"https:\\\/\\\/www.solfinc.com\\\/wp-content\\\/uploads\\\/2022\\\/05\\\/edificios-residenciales-solfinc-300x216-2-417x300-1.jpg\",\"datePublished\":\"2020-12-22T09:18:22+00:00\",\"dateModified\":\"2026-08-31T08:13:18+00:00\",\"description\":\"Solfinc es una empresa de administradores de fincas, patrimonios y alquileres en Barcelona. \u00a1Nos gustar\u00eda ser tu inmobiliaria de confianza!\",\"breadcrumb\":{\"@id\":\"https:\\\/\\\/www.solfinc.com\\\/es\\\/#breadcrumb\"},\"inLanguage\":\"es\",\"potentialAction\":[{\"@type\":\"ReadAction\",\"target\":[\"https:\\\/\\\/www.solfinc.com\\\/es\\\/\"]}]},{\"@type\":\"ImageObject\",\"inLanguage\":\"es\",\"@id\":\"https:\\\/\\\/www.solfinc.com\\\/es\\\/#primaryimage\",\"url\":\"https:\\\/\\\/www.solfinc.com\\\/wp-content\\\/uploads\\\/2022\\\/05\\\/edificios-residenciales-solfinc-300x216-2-417x300-1.jpg\",\"contentUrl\":\"https:\\\/\\\/www.solfinc.com\\\/wp-content\\\/uploads\\\/2022\\\/05\\\/edificios-residenciales-solfinc-300x216-2-417x300-1.jpg\",\"width\":1044,\"height\":751},{\"@type\":\"BreadcrumbList\",\"@id\":\"https:\\\/\\\/www.solfinc.com\\\/es\\\/#breadcrumb\",\"itemListElement\":[{\"@type\":\"ListItem\",\"position\":1,\"name\":\"Inicio\",\"item\":\"https:\\\/\\\/www.solfinc.com\\\/es\\\/\"},{\"@type\":\"ListItem\",\"position\":2,\"name\":\"Administradores de fincas en Barcelona\"}]},{\"@type\":\"WebSite\",\"@id\":\"https:\\\/\\\/www.solfinc.com\\\/es\\\/#website\",\"url\":\"https:\\\/\\\/www.solfinc.com\\\/es\\\/\",\"name\":\"Grup Solfinc\",\"description\":\"Administraci\u00f3 de finques a Barcelona\",\"potentialAction\":[{\"@type\":\"SearchAction\",\"target\":{\"@type\":\"EntryPoint\",\"urlTemplate\":\"https:\\\/\\\/www.solfinc.com\\\/es\\\/?s={search_term_string}\"},\"query-input\":{\"@type\":\"PropertyValueSpecification\",\"valueRequired\":true,\"valueName\":\"search_term_string\"}}],\"inLanguage\":\"es\"},{\"@type\":\"ImageObject\",\"inLanguage\":\"es\",\"@id\":\"https:\\\/\\\/www.solfinc.com\\\/es\\\/#local-main-organization-logo\",\"url\":\"\",\"contentUrl\":\"\",\"caption\":\"Solfinc\"}]}<\/script>\n<!-- \/ Yoast SEO Premium plugin. -->","yoast_head_json":{"title":"Administradores de fincas Barcelona | Grup Solfinc","description":"Solfinc es una empresa de administradores de fincas, patrimonios y alquileres en Barcelona. \u00a1Nos gustar\u00eda ser tu inmobiliaria de confianza!","robots":{"index":"index","follow":"follow","max-snippet":"max-snippet:-1","max-image-preview":"max-image-preview:large","max-video-preview":"max-video-preview:-1"},"canonical":"https:\/\/www.solfinc.com\/es\/","og_locale":"es_ES","og_type":"article","og_title":"Administradores de fincas en Barcelona","og_url":"https:\/\/www.solfinc.com\/es\/","og_site_name":"Grup Solfinc","article_publisher":"https:\/\/www.facebook.com\/GrupSolfinc","article_modified_time":"2026-08-31T08:13:18+00:00","og_image":[{"width":1044,"height":751,"url":"https:\/\/www.solfinc.com\/wp-content\/uploads\/2022\/05\/edificios-residenciales-solfinc-300x216-2-417x300-1.jpg","type":"image\/jpeg"}],"twitter_card":"summary_large_image","twitter_site":"@grupsolfinc","twitter_misc":{"Tiempo de lectura":"6 minutos"},"schema":{"@context":"https:\/\/schema.org","@graph":[{"@type":"WebPage","@id":"https:\/\/www.solfinc.com\/es\/","url":"https:\/\/www.solfinc.com\/es\/","name":"Administradores de fincas Barcelona | Grup Solfinc","isPartOf":{"@id":"https:\/\/www.solfinc.com\/es\/#website"},"primaryImageOfPage":{"@id":"https:\/\/www.solfinc.com\/es\/#primaryimage"},"image":{"@id":"https:\/\/www.solfinc.com\/es\/#primaryimage"},"thumbnailUrl":"https:\/\/www.solfinc.com\/wp-content\/uploads\/2022\/05\/edificios-residenciales-solfinc-300x216-2-417x300-1.jpg","datePublished":"2020-12-22T09:18:22+00:00","dateModified":"2026-08-31T08:13:18+00:00","description":"Solfinc es una empresa de administradores de fincas, patrimonios y alquileres en Barcelona. \u00a1Nos gustar\u00eda ser tu inmobiliaria de confianza!","breadcrumb":{"@id":"https:\/\/www.solfinc.com\/es\/#breadcrumb"},"inLanguage":"es","potentialAction":[{"@type":"ReadAction","target":["https:\/\/www.solfinc.com\/es\/"]}]},{"@type":"ImageObject","inLanguage":"es","@id":"https:\/\/www.solfinc.com\/es\/#primaryimage","url":"https:\/\/www.solfinc.com\/wp-content\/uploads\/2022\/05\/edificios-residenciales-solfinc-300x216-2-417x300-1.jpg","contentUrl":"https:\/\/www.solfinc.com\/wp-content\/uploads\/2022\/05\/edificios-residenciales-solfinc-300x216-2-417x300-1.jpg","width":1044,"height":751},{"@type":"BreadcrumbList","@id":"https:\/\/www.solfinc.com\/es\/#breadcrumb","itemListElement":[{"@type":"ListItem","position":1,"name":"Inicio","item":"https:\/\/www.solfinc.com\/es\/"},{"@type":"ListItem","position":2,"name":"Administradores de fincas en Barcelona"}]},{"@type":"WebSite","@id":"https:\/\/www.solfinc.com\/es\/#website","url":"https:\/\/www.solfinc.com\/es\/","name":"Grup Solfinc","description":"Administraci\u00f3 de finques a Barcelona","potentialAction":[{"@type":"SearchAction","target":{"@type":"EntryPoint","urlTemplate":"https:\/\/www.solfinc.com\/es\/?s={search_term_string}"},"query-input":{"@type":"PropertyValueSpecification","valueRequired":true,"valueName":"search_term_string"}}],"inLanguage":"es"},{"@type":"ImageObject","inLanguage":"es","@id":"https:\/\/www.solfinc.com\/es\/#local-main-organization-logo","url":"","contentUrl":"","caption":"Solfinc"}]}},"_links":{"self":[{"href":"https:\/\/www.solfinc.com\/es\/wp-json\/wp\/v2\/pages\/58162","targetHints":{"allow":["GET"]}}],"collection":[{"href":"https:\/\/www.solfinc.com\/es\/wp-json\/wp\/v2\/pages"}],"about":[{"href":"https:\/\/www.solfinc.com\/es\/wp-json\/wp\/v2\/types\/page"}],"author":[{"embeddable":true,"href":"https:\/\/www.solfinc.com\/es\/wp-json\/wp\/v2\/users\/13"}],"replies":[{"embeddable":true,"href":"https:\/\/www.solfinc.com\/es\/wp-json\/wp\/v2\/comments?post=58162"}],"version-history":[{"count":1,"href":"https:\/\/www.solfinc.com\/es\/wp-json\/wp\/v2\/pages\/58162\/revisions"}],"predecessor-version":[{"id":250511,"href":"https:\/\/www.solfinc.com\/es\/wp-json\/wp\/v2\/pages\/58162\/revisions\/250511"}],"wp:featuredmedia":[{"embeddable":true,"href":"https:\/\/www.solfinc.com\/es\/wp-json\/wp\/v2\/media\/128401"}],"wp:attachment":[{"href":"https:\/\/www.solfinc.com\/es\/wp-json\/wp\/v2\/media?parent=58162"}],"curies":[{"name":"wp","href":"https:\/\/api.w.org\/{rel}","templated":true}]}}